{"id":7666,"date":"2018-06-08T07:13:03","date_gmt":"2018-06-08T07:13:03","guid":{"rendered":"https:\/\/ibero4jobs.com\/?page_id=7666"},"modified":"2018-06-08T07:13:03","modified_gmt":"2018-06-08T07:13:03","slug":"gestao","status":"publish","type":"page","link":"https:\/\/ibero4jobs.com\/pt\/gestao\/","title":{"rendered":"Gest\u00e3o"},"content":{"rendered":"<section class=\"wpb-content-wrapper\"><section data-vc-full-width=\"true\" data-vc-full-width-init=\"false\" class=\"vc_section vc_custom_1528446204115 vc_section-has-fill\"><div data-vc-full-width=\"true\" data-vc-full-width-init=\"false\" class=\"vc_row wpb_row vc_row-fluid vc_custom_1528440337313 vc_row-o-equal-height vc_row-o-content-middle vc_row-flex\"><div class=\"wpb_column vc_column_container vc_col-sm-12\"><div class=\"vc_column-inner vc_custom_1528440765207\"><div class=\"wpb_wrapper\"><h6 style=\"font-size: 15px;line-height: 26px;text-align: left\" class=\"vc_custom_heading vc_custom_1528440989221\" >OS NOSSOS PRINCIPAIS ESPECIALISTAS<\/h6><h3 style=\"text-align: left\" class=\"vc_custom_heading vc_custom_1528441022828\" >Lideran\u00e7a<\/h3>\n\t<div class=\"wpb_text_column wpb_content_element  vc_custom_1521715597271\" >\n\t\t<div class=\"wpb_wrapper\">\n\t\t\t<p>Consectetur adipisicing elit, sed do eiusmod tempor incididunt ut labore et dolore magna aliqua. Ut enim ad minim veniam. Lorem ipsum dolor sit amet, consecadipisicing elit, sed do eiusmod tempor incididunt.ers. Especialistas jur\u00eddicos. Todos dedicados a aplicar as suas d\u00e9cadas de experi\u00eancia na resolu\u00e7\u00e3o dos desafios \u00fanicos dos nossos clientes.<\/p>\n\n\t\t<\/div>\n\t<\/div>\n<\/div><\/div><\/div><\/div><div class=\"vc_row-full-width vc_clearfix\"><\/div><div data-vc-full-width=\"true\" data-vc-full-width-init=\"false\" class=\"vc_row wpb_row vc_row-fluid vc_custom_1521718269005 vc_column-gap-30 vc_row-o-equal-height vc_row-flex\"><div class=\"background-position-right-top wpb_column vc_column_container vc_col-sm-6 vc_col-has-fill\"><div class=\"vc_column-inner vc_custom_1528441468043\"><div class=\"wpb_wrapper\"><div style=\"font-size: 16px;color: #1d4fce;line-height: 28px;text-align: left\" class=\"vc_custom_heading font-weight-medium vc_custom_1528445225956\" >Vice-presidente executivo<\/div><div style=\"font-size: 20px;line-height: 30px;text-align: left\" class=\"vc_custom_heading font-weight-medium vc_custom_1521718552967\" >B. ZIMMERMAN<\/div>\n\t<div class=\"wpb_text_column wpb_content_element  vc_custom_1521718602217\" >\n\t\t<div class=\"wpb_wrapper\">\n\t\t\t<p>Andrew B. Zimmerman \u00e9 o<br \/>\nfundador, tem mais de 28 anos de<br \/>\nexperi\u00eancia de lideran\u00e7a executiva.<\/p>\n\n\t\t<\/div>\n\t<\/div>\n\n\t<div class=\"wpb_raw_code wpb_content_element wpb_raw_html vc_custom_1521719720527\" >\n\t\t<div class=\"wpb_wrapper\">\n\t\t\t<div class=\"radiantthemes-social-icon\">\n<ul>\n<li><a href=\"#\"><i class=\"fa fa-facebook\">Facebook<\/i><\/a><\/li>\n<li><a href=\"#\"><i class=\"fa fa-twitter\">Twitter<\/i><\/a><\/li>\n<li><a href=\"#\"><i class=\"fa fa-skype\">Skype<\/i><\/a><\/li>\n<\/ul>\n<\/div>\n\t\t<\/div>\n\t<\/div>\n<\/div><\/div><\/div><div class=\"background-position-right-top wpb_column vc_column_container vc_col-sm-6 vc_col-has-fill\"><div class=\"vc_column-inner vc_custom_1528441507710\"><div class=\"wpb_wrapper\"><div style=\"font-size: 16px;color: #1d4fce;line-height: 28px;text-align: left\" class=\"vc_custom_heading font-weight-medium vc_custom_1528445250467\" >Diretor Financeiro<\/div><div style=\"font-size: 20px;line-height: 30px;text-align: left\" class=\"vc_custom_heading font-weight-medium vc_custom_1521718688938\" >JACK DURBURG<\/div>\n\t<div class=\"wpb_text_column wpb_content_element  vc_custom_1521718708096\" >\n\t\t<div class=\"wpb_wrapper\">\n\t\t\t<p>Jack Durburg tem mais de 25 anos<br \/>\nde experi\u00eancia em finan\u00e7as e<br \/>\nContabilidade em ritmo acelerado<\/p>\n\n\t\t<\/div>\n\t<\/div>\n\n\t<div class=\"wpb_raw_code wpb_content_element wpb_raw_html vc_custom_1521719720527\" >\n\t\t<div class=\"wpb_wrapper\">\n\t\t\t<div class=\"radiantthemes-social-icon\">\n<ul>\n<li><a href=\"#\"><i class=\"fa fa-facebook\">Facebook<\/i><\/a><\/li>\n<li><a href=\"#\"><i class=\"fa fa-twitter\">Twitter<\/i><\/a><\/li>\n<li><a href=\"#\"><i class=\"fa fa-skype\">Skype<\/i><\/a><\/li>\n<\/ul>\n<\/div>\n\t\t<\/div>\n\t<\/div>\n<\/div><\/div><\/div><\/div><div class=\"vc_row-full-width vc_clearfix\"><\/div><div data-vc-full-width=\"true\" data-vc-full-width-init=\"false\" class=\"vc_row wpb_row vc_row-fluid vc_custom_1521718269005 vc_column-gap-30 vc_row-o-equal-height vc_row-flex\"><div class=\"background-position-right-top wpb_column vc_column_container vc_col-sm-6 vc_col-has-fill\"><div class=\"vc_column-inner vc_custom_1528441548401\"><div class=\"wpb_wrapper\"><div style=\"font-size: 16px;color: #1d4fce;line-height: 28px;text-align: left\" class=\"vc_custom_heading font-weight-medium vc_custom_1528445261083\" >Diretor de Informa\u00e7\u00e3o<\/div><div style=\"font-size: 20px;line-height: 30px;text-align: left\" class=\"vc_custom_heading font-weight-medium vc_custom_1521718749781\" >JENNIFER ASHLEY<\/div>\n\t<div class=\"wpb_text_column wpb_content_element  vc_custom_1521718781392\" >\n\t\t<div class=\"wpb_wrapper\">\n\t\t\t<p>Jennifer Ashley tem mais de 20<br \/>\nanos de experi\u00eancia em crescimento,<br \/>\nempresas multinacionais.<\/p>\n\n\t\t<\/div>\n\t<\/div>\n\n\t<div class=\"wpb_raw_code wpb_content_element wpb_raw_html vc_custom_1521719720527\" >\n\t\t<div class=\"wpb_wrapper\">\n\t\t\t<div class=\"radiantthemes-social-icon\">\n<ul>\n<li><a href=\"#\"><i class=\"fa fa-facebook\">Facebook<\/i><\/a><\/li>\n<li><a href=\"#\"><i class=\"fa fa-twitter\">Twitter<\/i><\/a><\/li>\n<li><a href=\"#\"><i class=\"fa fa-skype\">Skype<\/i><\/a><\/li>\n<\/ul>\n<\/div>\n\t\t<\/div>\n\t<\/div>\n<\/div><\/div><\/div><div class=\"background-position-right-top wpb_column vc_column_container vc_col-sm-6 vc_col-has-fill\"><div class=\"vc_column-inner vc_custom_1528441580407\"><div class=\"wpb_wrapper\"><div style=\"font-size: 16px;color: #1d4fce;line-height: 28px;text-align: left\" class=\"vc_custom_heading font-weight-medium vc_custom_1528445287714\" >Presidente e Diretor Executivo<\/div><div style=\"font-size: 20px;line-height: 30px;text-align: left\" class=\"vc_custom_heading font-weight-medium vc_custom_1521718764876\" >AR. MELLIGERI<\/div>\n\t<div class=\"wpb_text_column wpb_content_element  vc_custom_1521718808895\" >\n\t\t<div class=\"wpb_wrapper\">\n\t\t\t<p>Ar. Melligeri \u00e9 o fundador,<br \/>\npresidente e diretor executivo<br \/>\nfuncion\u00e1rio da Buildz.<\/p>\n\n\t\t<\/div>\n\t<\/div>\n\n\t<div class=\"wpb_raw_code wpb_content_element wpb_raw_html vc_custom_1521719720527\" >\n\t\t<div class=\"wpb_wrapper\">\n\t\t\t<div class=\"radiantthemes-social-icon\">\n<ul>\n<li><a href=\"#\"><i class=\"fa fa-facebook\">Facebook<\/i><\/a><\/li>\n<li><a href=\"#\"><i class=\"fa fa-twitter\">Twitter<\/i><\/a><\/li>\n<li><a href=\"#\"><i class=\"fa fa-skype\">Skype<\/i><\/a><\/li>\n<\/ul>\n<\/div>\n\t\t<\/div>\n\t<\/div>\n<\/div><\/div><\/div><\/div><div class=\"vc_row-full-width vc_clearfix\"><\/div><div data-vc-full-width=\"true\" data-vc-full-width-init=\"false\" class=\"vc_row wpb_row vc_row-fluid vc_custom_1528440337313 vc_row-o-equal-height vc_row-o-content-middle vc_row-flex\"><div class=\"wpb_column vc_column_container vc_col-sm-12\"><div class=\"vc_column-inner vc_custom_1528440765207\"><div class=\"wpb_wrapper\"><h6 style=\"font-size: 15px;line-height: 26px;text-align: left\" class=\"vc_custom_heading vc_custom_1528441786871\" >A NOSSA EQUIPA DE ESPECIALISTAS<\/h6><h3 style=\"text-align: left\" class=\"vc_custom_heading vc_custom_1528441801171\" >Membro da equipa<\/h3>\n\t<div class=\"wpb_text_column wpb_content_element  vc_custom_1521715597271\" >\n\t\t<div class=\"wpb_wrapper\">\n\t\t\t<p>Consectetur adipisicing elit, sed do eiusmod tempor incididunt ut labore et dolore magna aliqua. Ut enim ad minim veniam. Lorem ipsum dolor sit amet, consecadipisicing elit, sed do eiusmod tempor incididunt.ers. Especialistas jur\u00eddicos. Todos dedicados a aplicar as suas d\u00e9cadas de experi\u00eancia na resolu\u00e7\u00e3o dos desafios \u00fanicos dos nossos clientes.<\/p>\n\n\t\t<\/div>\n\t<\/div>\n<\/div><\/div><\/div><\/div><div class=\"vc_row-full-width vc_clearfix\"><\/div><div data-vc-full-width=\"true\" data-vc-full-width-init=\"false\" class=\"vc_row wpb_row vc_row-fluid vc_custom_1528446457093\"><div class=\"wpb_column vc_column_container vc_col-sm-6\"><div class=\"vc_column-inner vc_custom_1521714608750\"><div class=\"wpb_wrapper\"><div class=\"vc_row wpb_row vc_inner vc_row-fluid vc_custom_1528446838973\"><div class=\"wpb_column vc_column_container vc_col-sm-6 vc_col-has-fill\"><div class=\"vc_column-inner vc_custom_1528442719582\"><div class=\"wpb_wrapper\">\n\t<div  class=\"wpb_single_image wpb_content_element vc_align_center  vc_custom_1528442254417\">\n\t\t\n\t\t<figure class=\"wpb_wrapper vc_figure\">\n\t\t\t<div class=\"vc_single_image-wrapper   vc_box_border_grey\"><img fetchpriority=\"high\" decoding=\"async\" width=\"270\" height=\"400\" src=\"https:\/\/ibero4jobs.com\/wp-content\/uploads\/2018\/05\/team-member01.png\" class=\"vc_single_image-img attachment-full\" alt=\"\" title=\"membro da equipa01\" \/><\/div>\n\t\t<\/figure>\n\t<\/div>\n<\/div><\/div><\/div><div class=\"wpb_column vc_column_container vc_col-sm-6\"><div class=\"vc_column-inner vc_custom_1528442879142\"><div class=\"wpb_wrapper\"><div style=\"font-size: 20px;line-height: 30px;text-align: left\" class=\"vc_custom_heading font-weight-medium vc_custom_1521715083018\" >HENRY SMITH<\/div><div style=\"font-size: 15px;color: #1d4fce;line-height: 25px;text-align: left\" class=\"vc_custom_heading font-weight-medium vc_custom_1528445159411\" >DIRECTOR-GERAL<\/div>\n\t<div class=\"wpb_text_column wpb_content_element  vc_custom_1528446275486\" >\n\t\t<div class=\"wpb_wrapper\">\n\t\t\t<p>Henry \u00e9 um advogado corporativo experiente e l\u00edder executivo com mais de 20 anos de experi\u00eancia em empresas multinacionais em crescimento.<\/p>\n\n\t\t<\/div>\n\t<\/div>\n\n\t<div class=\"wpb_text_column wpb_content_element  vc_custom_1528446285855\" >\n\t\t<div class=\"wpb_wrapper\">\n\t\t\t<p>Lorem Ipsum \u00e9 simplesmente um texto fict\u00edcio da ind\u00fastria tipogr\u00e1fica. O Lorem Ipsum tem sido . Lorem Ipsum tem sido<\/p>\n\n\t\t<\/div>\n\t<\/div>\n<\/div><\/div><\/div><\/div><\/div><\/div><\/div><div class=\"wpb_column vc_column_container vc_col-sm-6\"><div class=\"vc_column-inner vc_custom_1521714617495\"><div class=\"wpb_wrapper\"><div class=\"vc_row wpb_row vc_inner vc_row-fluid vc_custom_1528446849401\"><div class=\"wpb_column vc_column_container vc_col-sm-6 vc_col-has-fill\"><div class=\"vc_column-inner vc_custom_1528442670526\"><div class=\"wpb_wrapper\">\n\t<div  class=\"wpb_single_image wpb_content_element vc_align_center  vc_custom_1528442270353\">\n\t\t\n\t\t<figure class=\"wpb_wrapper vc_figure\">\n\t\t\t<div class=\"vc_single_image-wrapper   vc_box_border_grey\"><img decoding=\"async\" width=\"270\" height=\"400\" src=\"https:\/\/ibero4jobs.com\/wp-content\/uploads\/2018\/05\/team-member02.png\" class=\"vc_single_image-img attachment-full\" alt=\"\" title=\"membro da equipa02\" \/><\/div>\n\t\t<\/figure>\n\t<\/div>\n<\/div><\/div><\/div><div class=\"wpb_column vc_column_container vc_col-sm-6\"><div class=\"vc_column-inner vc_custom_1528442887049\"><div class=\"wpb_wrapper\"><div style=\"font-size: 20px;line-height: 30px;text-align: left\" class=\"vc_custom_heading font-weight-medium vc_custom_1521715184576\" >LUKE CARTER<\/div><div style=\"font-size: 15px;color: #1d4fce;line-height: 25px;text-align: left\" class=\"vc_custom_heading font-weight-medium vc_custom_1528445168594\" >ENGENHEIRO ASSISTENTE<\/div>\n\t<div class=\"wpb_text_column wpb_content_element  vc_custom_1528446313854\" >\n\t\t<div class=\"wpb_wrapper\">\n\t\t\t<p>Henry \u00e9 um advogado corporativo experiente e l\u00edder executivo com mais de 20 anos de experi\u00eancia em empresas multinacionais em crescimento.<\/p>\n\n\t\t<\/div>\n\t<\/div>\n\n\t<div class=\"wpb_text_column wpb_content_element  vc_custom_1521714900728\" >\n\t\t<div class=\"wpb_wrapper\">\n\t\t\t<p>Lorem Ipsum \u00e9 simplesmente um texto fict\u00edcio da ind\u00fastria tipogr\u00e1fica. Lorem Ipsum tem sido . Lorem Ipsum tem sido.<\/p>\n\n\t\t<\/div>\n\t<\/div>\n<\/div><\/div><\/div><\/div><\/div><\/div><\/div><\/div><div class=\"vc_row-full-width vc_clearfix\"><\/div><div data-vc-full-width=\"true\" data-vc-full-width-init=\"false\" class=\"vc_row wpb_row vc_row-fluid vc_custom_1521714561343\"><div class=\"wpb_column vc_column_container vc_col-sm-6\"><div class=\"vc_column-inner vc_custom_1521714608750\"><div class=\"wpb_wrapper\"><div class=\"vc_row wpb_row vc_inner vc_row-fluid vc_custom_1528446880134\"><div class=\"wpb_column vc_column_container vc_col-sm-6 vc_col-has-fill\"><div class=\"vc_column-inner vc_custom_1528442756057\"><div class=\"wpb_wrapper\">\n\t<div  class=\"wpb_single_image wpb_content_element vc_align_center  vc_custom_1528442288561\">\n\t\t\n\t\t<figure class=\"wpb_wrapper vc_figure\">\n\t\t\t<div class=\"vc_single_image-wrapper   vc_box_border_grey\"><img decoding=\"async\" width=\"270\" height=\"400\" src=\"https:\/\/ibero4jobs.com\/wp-content\/uploads\/2018\/05\/team-member03.png\" class=\"vc_single_image-img attachment-full\" alt=\"\" title=\"membro da equipa03\" \/><\/div>\n\t\t<\/figure>\n\t<\/div>\n<\/div><\/div><\/div><div class=\"wpb_column vc_column_container vc_col-sm-6\"><div class=\"vc_column-inner vc_custom_1528442893845\"><div class=\"wpb_wrapper\"><div style=\"font-size: 20px;line-height: 30px;text-align: left\" class=\"vc_custom_heading font-weight-medium vc_custom_1521715384250\" >COURTNEY YBARRA<\/div><div style=\"font-size: 15px;color: #1d4fce;line-height: 25px;text-align: left\" class=\"vc_custom_heading font-weight-medium vc_custom_1528445127864\" >ENGENHEIRO-CHEFE<\/div>\n\t<div class=\"wpb_text_column wpb_content_element  vc_custom_1528446326118\" >\n\t\t<div class=\"wpb_wrapper\">\n\t\t\t<p>Henry \u00e9 um advogado corporativo experiente e l\u00edder executivo com mais de 20 anos de experi\u00eancia em empresas multinacionais em crescimento.<\/p>\n\n\t\t<\/div>\n\t<\/div>\n\n\t<div class=\"wpb_text_column wpb_content_element  vc_custom_1521714900728\" >\n\t\t<div class=\"wpb_wrapper\">\n\t\t\t<p>Lorem Ipsum \u00e9 simplesmente um texto fict\u00edcio da ind\u00fastria tipogr\u00e1fica. Lorem Ipsum tem sido . Lorem Ipsum tem sido.<\/p>\n\n\t\t<\/div>\n\t<\/div>\n<\/div><\/div><\/div><\/div><\/div><\/div><\/div><div class=\"wpb_column vc_column_container vc_col-sm-6\"><div class=\"vc_column-inner vc_custom_1521714617495\"><div class=\"wpb_wrapper\"><div class=\"vc_row wpb_row vc_inner vc_row-fluid vc_custom_1528446889578\"><div class=\"wpb_column vc_column_container vc_col-sm-6 vc_col-has-fill\"><div class=\"vc_column-inner vc_custom_1528442782080\"><div class=\"wpb_wrapper\">\n\t<div  class=\"wpb_single_image wpb_content_element vc_align_center  vc_custom_1528442300289\">\n\t\t\n\t\t<figure class=\"wpb_wrapper vc_figure\">\n\t\t\t<div class=\"vc_single_image-wrapper   vc_box_border_grey\"><img loading=\"lazy\" decoding=\"async\" width=\"270\" height=\"400\" src=\"https:\/\/ibero4jobs.com\/wp-content\/uploads\/2018\/05\/team-member04.png\" class=\"vc_single_image-img attachment-full\" alt=\"\" title=\"membro da equipa04\" \/><\/div>\n\t\t<\/figure>\n\t<\/div>\n<\/div><\/div><\/div><div class=\"wpb_column vc_column_container vc_col-sm-6\"><div class=\"vc_column-inner vc_custom_1528442899285\"><div class=\"wpb_wrapper\"><div style=\"font-size: 20px;line-height: 30px;text-align: left\" class=\"vc_custom_heading font-weight-medium vc_custom_1521715436146\" >DOROTHY M. NICKKELL<\/div><div style=\"font-size: 15px;color: #1d4fce;line-height: 25px;text-align: left\" class=\"vc_custom_heading font-weight-medium vc_custom_1528445146028\" >ARQUITECTO DESENHADOR<\/div>\n\t<div class=\"wpb_text_column wpb_content_element  vc_custom_1528446332959\" >\n\t\t<div class=\"wpb_wrapper\">\n\t\t\t<p>Henry \u00e9 um advogado corporativo experiente e l\u00edder executivo com mais de 20 anos de experi\u00eancia em empresas multinacionais em crescimento.<\/p>\n\n\t\t<\/div>\n\t<\/div>\n\n\t<div class=\"wpb_text_column wpb_content_element  vc_custom_1521714900728\" >\n\t\t<div class=\"wpb_wrapper\">\n\t\t\t<p>Lorem Ipsum \u00e9 simplesmente um texto fict\u00edcio da ind\u00fastria tipogr\u00e1fica. Lorem Ipsum tem sido . Lorem Ipsum tem sido.<\/p>\n\n\t\t<\/div>\n\t<\/div>\n<\/div><\/div><\/div><\/div><\/div><\/div><\/div><\/div><div class=\"vc_row-full-width vc_clearfix\"><\/div><\/section><div class=\"vc_row-full-width vc_clearfix\"><\/div>\n<\/section>","protected":false},"excerpt":{"rendered":"OUR LEADING EXPERTSLeadership Consectetur adipisicing elit, sed do eiusmod tempor incididunt ut labore et dolore magna aliqua. Ut enim ad minim veniam. Lorem ipsum dolor sit amet, consecadipisicing elit, sed do eiusmod tempor incididunt.ers. Legal experts. All dedicated to applying their decades of experience to solving our clients\u2019 unique challenges. Executive Vice PresidentB. ZIMMERMAN Andrew [...]","protected":false},"author":10,"featured_media":0,"parent":0,"menu_order":0,"comment_status":"closed","ping_status":"closed","template":"","meta":{"_monsterinsights_skip_tracking":false,"_monsterinsights_sitenote_active":false,"_monsterinsights_sitenote_note":"","_monsterinsights_sitenote_category":0,"footnotes":""},"class_list":["post-7666","page","type-page","status-publish","hentry"],"_links":{"self":[{"href":"https:\/\/ibero4jobs.com\/pt\/wp-json\/wp\/v2\/pages\/7666","targetHints":{"allow":["GET"]}}],"collection":[{"href":"https:\/\/ibero4jobs.com\/pt\/wp-json\/wp\/v2\/pages"}],"about":[{"href":"https:\/\/ibero4jobs.com\/pt\/wp-json\/wp\/v2\/types\/page"}],"author":[{"embeddable":true,"href":"https:\/\/ibero4jobs.com\/pt\/wp-json\/wp\/v2\/users\/10"}],"replies":[{"embeddable":true,"href":"https:\/\/ibero4jobs.com\/pt\/wp-json\/wp\/v2\/comments?post=7666"}],"version-history":[{"count":0,"href":"https:\/\/ibero4jobs.com\/pt\/wp-json\/wp\/v2\/pages\/7666\/revisions"}],"wp:attachment":[{"href":"https:\/\/ibero4jobs.com\/pt\/wp-json\/wp\/v2\/media?parent=7666"}],"curies":[{"name":"wp","href":"https:\/\/api.w.org\/{rel}","templated":true}]}}