{"id":8158,"date":"2023-08-04T12:43:36","date_gmt":"2023-08-04T17:43:36","guid":{"rendered":"https:\/\/ibero4jobs.com\/?page_id=8158"},"modified":"2023-08-04T12:47:18","modified_gmt":"2023-08-04T17:47:18","slug":"home-2","status":"publish","type":"page","link":"https:\/\/ibero4jobs.com\/es\/home-2\/","title":{"rendered":"Home"},"content":{"rendered":"<section class=\"wpb-content-wrapper\"><div class=\"vc_row wpb_row vc_row-fluid\"><div class=\"wpb_column vc_column_container vc_col-sm-12\"><div class=\"vc_column-inner\"><div class=\"wpb_wrapper\">\n\t\t\t<!-- START Homeslider REVOLUTION SLIDER 6.6.14 --><p class=\"rs-p-wp-fix\"><\/p>\n\t\t\t<rs-module-wrap id=\"rev_slider_4_1_wrapper\" data-source=\"gallery\" style=\"visibility:hidden;background:transparent;padding:0;\">\n\t\t\t\t<rs-module id=\"rev_slider_4_1\" style=\"\" data-version=\"6.6.14\">\n\t\t\t\t\t<rs-slides style=\"overflow: hidden; position: absolute;\">\n\t\t\t\t\t\t<rs-slide style=\"position: absolute;\" data-key=\"rs-7\" data-title=\"Slide\" data-anim=\"ms:10;\" data-in=\"o:1;\" data-out=\"a:false;\" data-alttrans=\"parallaxtobottom\">\n\t\t\t\t\t\t\t<img fetchpriority=\"high\" decoding=\"async\" src=\"\/\/ibero4jobs.com\/wp-content\/plugins\/revslider\/public\/assets\/assets\/dummy.png\" alt=\"\" title=\"3\" width=\"1920\" height=\"1080\" class=\"rev-slidebg tp-rs-img rs-lazyload\" data-lazyload=\"\/\/ibero4jobs.com\/wp-content\/uploads\/2024\/09\/3-1.png\" data-bg=\"p:center top;\" data-parallax=\"13\" data-no-retina>\n<!--\n\t\t\t\t\t\t\t--><rs-layer\n\t\t\t\t\t\t\t\tid=\"slider-4-slide-7-layer-0\" \n\t\t\t\t\t\t\t\tdata-type=\"text\"\n\t\t\t\t\t\t\t\tdata-rsp_ch=\"on\"\n\t\t\t\t\t\t\t\tdata-xy=\"x:l,l,c,c;xo:45px,15px,0,2px;y:m,m,t,m;yo:135px,129px,334px,60px;\"\n\t\t\t\t\t\t\t\tdata-text=\"w:normal;s:18;l:22;ls:2px,2px,1px,1px;fw:500;a:left,left,center,center;\"\n\t\t\t\t\t\t\t\tdata-dim=\"w:1086px,931px,609px,444px;\"\n\t\t\t\t\t\t\t\tdata-frame_0=\"y:100%;\"\n\t\t\t\t\t\t\t\tdata-frame_0_mask=\"u:t;y:100%;\"\n\t\t\t\t\t\t\t\tdata-frame_1=\"e:power2.inOut;sp:2000;sR:10;\"\n\t\t\t\t\t\t\t\tdata-frame_1_mask=\"u:t;\"\n\t\t\t\t\t\t\t\tdata-frame_999=\"o:0;st:w;sR:2990;\"\n\t\t\t\t\t\t\t\tstyle=\"z-index:7;font-family:'Raleway';\"\n\t\t\t\t\t\t\t>Una iniciativa para potenciar las oportunidades de empleabilidad de los estudiantes<br \/>\n \n\t\t\t\t\t\t\t<\/rs-layer><!--\n\n\t\t\t\t\t\t\t--><p\n\t\t\t\t\t\t\t\tid=\"slider-4-slide-7-layer-1\" \n\t\t\t\t\t\t\t\tclass=\"rs-layer\"\n\t\t\t\t\t\t\t\tdata-type=\"text\"\n\t\t\t\t\t\t\t\tdata-rsp_ch=\"on\"\n\t\t\t\t\t\t\t\tdata-xy=\"x:l,l,l,c;xo:45px,15px,0,0;y:m,m,t,t;yo:30px,26px,140px,136px;\"\n\t\t\t\t\t\t\t\tdata-text=\"w:normal;s:70,56,60,50;l:70,60,60,45;ls:0px,0px,0px,-2px;fw:800,800,700,700;a:left,left,center,center;\"\n\t\t\t\t\t\t\t\tdata-dim=\"w:1257px,996px,auto,448px;\"\n\t\t\t\t\t\t\t\tdata-frame_0=\"y:100%;\"\n\t\t\t\t\t\t\t\tdata-frame_0_mask=\"u:t;y:100%;\"\n\t\t\t\t\t\t\t\tdata-frame_1=\"e:power2.inOut;sp:2000;sR:10;\"\n\t\t\t\t\t\t\t\tdata-frame_1_mask=\"u:t;\"\n\t\t\t\t\t\t\t\tdata-frame_999=\"o:0;st:w;sR:2990;\"\n\t\t\t\t\t\t\t\tstyle=\"z-index:5;font-family:'Barlow';\"\n\t\t\t\t\t\t\t>Universidades de Iberoam\u00e9rica tejiendo lazos con el sector empresarial \n\t\t\t\t\t\t\t<\/p><!--\n\n\t\t\t\t\t\t\t--><rs-layer\n\t\t\t\t\t\t\t\tid=\"slider-4-slide-7-layer-2\" \n\t\t\t\t\t\t\t\tclass=\"rev-btn\"\n\t\t\t\t\t\t\t\tdata-type=\"button\"\n\t\t\t\t\t\t\t\tdata-rsp_ch=\"on\"\n\t\t\t\t\t\t\t\tdata-xy=\"x:l,l,c,c;xo:45px,15px,0,0;y:m,m,t,m;yo:188px,193px,396px,124px;\"\n\t\t\t\t\t\t\t\tdata-text=\"w:normal;s:38,26,26,26;l:41,31,29,29;ls:0,0px,0px,0px;fw:700,800,800,800;a:center;\"\n\t\t\t\t\t\t\t\tdata-dim=\"w:286px,202px,195px,187px;h:54px,43px,39px,40px;minh:0px,none,none,none;\"\n\t\t\t\t\t\t\t\tdata-padding=\"r:25,13,10,6;l:25,13,10,6;\"\n\t\t\t\t\t\t\t\tdata-border=\"bos:solid;boc:rgba(4, 66, 140, 0.35);bow:3px,4px,3px,3px;bor:3px,3px,3px,3px;\"\n\t\t\t\t\t\t\t\tdata-frame_999=\"o:0;st:w;sR:4700;\"\n\t\t\t\t\t\t\t\tdata-frame_hover=\"c:#fff;bgc:rgba(0,0,0,0);boc:rgba(255,255,255,0.75);bor:3px,3px,3px,3px;bos:solid;bow:3px,4px,3px,3px;e:power1.inOut;\"\n\t\t\t\t\t\t\t\tstyle=\"z-index:8;background-color:#04428c;font-family:'Barlow';\"\n\t\t\t\t\t\t\t>Conoce m\u00e1s \n\t\t\t\t\t\t\t<\/rs-layer><!--\n-->\t\t\t\t\t\t<\/rs-slide>\n\t\t\t\t\t\t<rs-slide style=\"position: absolute;\" data-key=\"rs-22\" data-title=\"Slide\" data-anim=\"ms:10;\" data-in=\"o:1;\" data-out=\"a:false;\" data-alttrans=\"parallaxtobottom\">\n\t\t\t\t\t\t\t<img decoding=\"async\" src=\"\/\/ibero4jobs.com\/wp-content\/plugins\/revslider\/public\/assets\/assets\/dummy.png\" alt=\"\" title=\"4\" width=\"1920\" height=\"1080\" class=\"rev-slidebg tp-rs-img rs-lazyload\" data-lazyload=\"\/\/ibero4jobs.com\/wp-content\/uploads\/2024\/09\/4-1.png\" data-bg=\"p:center top;\" data-parallax=\"13\" data-no-retina>\n<!--\n\t\t\t\t\t\t\t--><rs-layer\n\t\t\t\t\t\t\t\tid=\"slider-4-slide-22-layer-0\" \n\t\t\t\t\t\t\t\tdata-type=\"text\"\n\t\t\t\t\t\t\t\tdata-rsp_ch=\"on\"\n\t\t\t\t\t\t\t\tdata-xy=\"x:l,l,c,c;xo:45px,15px,0,2px;y:m,m,t,m;yo:135px,129px,334px,60px;\"\n\t\t\t\t\t\t\t\tdata-text=\"w:normal;s:18;l:22;ls:2px,2px,1px,1px;fw:500;a:left,left,center,center;\"\n\t\t\t\t\t\t\t\tdata-dim=\"w:1086px,931px,609px,444px;\"\n\t\t\t\t\t\t\t\tdata-frame_0=\"y:100%;\"\n\t\t\t\t\t\t\t\tdata-frame_0_mask=\"u:t;y:100%;\"\n\t\t\t\t\t\t\t\tdata-frame_1=\"e:power2.inOut;sp:0;sR:10;\"\n\t\t\t\t\t\t\t\tdata-frame_1_mask=\"u:t;\"\n\t\t\t\t\t\t\t\tdata-frame_999=\"o:0;st:w;sR:6940;\"\n\t\t\t\t\t\t\t\tstyle=\"z-index:7;font-family:'Raleway';\"\n\t\t\t\t\t\t\t>Una iniciativa para potenciar las oportunidades de empleabilidad de los estudiantes<br \/>\n \n\t\t\t\t\t\t\t<\/rs-layer><!--\n\n\t\t\t\t\t\t\t--><p\n\t\t\t\t\t\t\t\tid=\"slider-4-slide-22-layer-1\" \n\t\t\t\t\t\t\t\tclass=\"rs-layer\"\n\t\t\t\t\t\t\t\tdata-type=\"text\"\n\t\t\t\t\t\t\t\tdata-rsp_ch=\"on\"\n\t\t\t\t\t\t\t\tdata-xy=\"x:l,l,l,c;xo:45px,15px,0,0;y:m,m,t,t;yo:30px,26px,140px,136px;\"\n\t\t\t\t\t\t\t\tdata-text=\"w:normal;s:70,56,60,50;l:70,60,60,45;ls:0px,0px,0px,-2px;fw:800,800,700,700;a:left,left,center,center;\"\n\t\t\t\t\t\t\t\tdata-dim=\"w:1257px,1000px,auto,448px;\"\n\t\t\t\t\t\t\t\tdata-frame_0=\"y:100%;\"\n\t\t\t\t\t\t\t\tdata-frame_0_mask=\"u:t;y:100%;\"\n\t\t\t\t\t\t\t\tdata-frame_1=\"e:power2.inOut;sp:0;\"\n\t\t\t\t\t\t\t\tdata-frame_1_mask=\"u:t;\"\n\t\t\t\t\t\t\t\tdata-frame_999=\"o:0;st:w;sR:6950;\"\n\t\t\t\t\t\t\t\tstyle=\"z-index:5;font-family:'Barlow';\"\n\t\t\t\t\t\t\t>Universidades de Iberoam\u00e9rica tejiendo lazos con el sector empresarial \n\t\t\t\t\t\t\t<\/p><!--\n\n\t\t\t\t\t\t\t--><rs-layer\n\t\t\t\t\t\t\t\tid=\"slider-4-slide-22-layer-2\" \n\t\t\t\t\t\t\t\tclass=\"rev-btn\"\n\t\t\t\t\t\t\t\tdata-type=\"button\"\n\t\t\t\t\t\t\t\tdata-rsp_ch=\"on\"\n\t\t\t\t\t\t\t\tdata-xy=\"x:l,l,c,c;xo:45px,15px,0,0;y:m,m,t,m;yo:188px,193px,396px,124px;\"\n\t\t\t\t\t\t\t\tdata-text=\"w:normal;s:38,26,26,26;l:41,31,29,29;ls:0,0px,0px,0px;fw:700,800,800,800;a:center;\"\n\t\t\t\t\t\t\t\tdata-dim=\"w:286px,199px,195px,187px;h:54px,47px,39px,40px;minh:0px,none,none,none;\"\n\t\t\t\t\t\t\t\tdata-padding=\"r:25,13,10,6;l:25,13,10,6;\"\n\t\t\t\t\t\t\t\tdata-border=\"bos:solid;boc:rgba(4, 66, 140, 0.35);bow:3px,4px,3px,3px;bor:3px,3px,3px,3px;\"\n\t\t\t\t\t\t\t\tdata-frame_1=\"sp:0;\"\n\t\t\t\t\t\t\t\tdata-frame_999=\"o:0;st:w;sR:6950;\"\n\t\t\t\t\t\t\t\tdata-frame_hover=\"c:#fff;bgc:rgba(0,0,0,0);boc:rgba(255,255,255,0.75);bor:3px,3px,3px,3px;bos:solid;bow:3px,4px,3px,3px;e:power1.inOut;\"\n\t\t\t\t\t\t\t\tstyle=\"z-index:8;background-color:#04428c;font-family:'Barlow';\"\n\t\t\t\t\t\t\t>Conoce m\u00e1s \n\t\t\t\t\t\t\t<\/rs-layer><!--\n-->\t\t\t\t\t\t<\/rs-slide>\n\t\t\t\t\t\t<rs-slide style=\"position: absolute;\" data-key=\"rs-8\" data-title=\"Slide\" data-anim=\"ms:10;\" data-in=\"o:1;\" data-out=\"a:false;\" data-alttrans=\"parallaxtobottom\">\n\t\t\t\t\t\t\t<img decoding=\"async\" src=\"\/\/ibero4jobs.com\/wp-content\/plugins\/revslider\/public\/assets\/assets\/dummy.png\" alt=\"\" title=\"1\" width=\"1920\" height=\"1080\" class=\"rev-slidebg tp-rs-img rs-lazyload\" data-lazyload=\"\/\/ibero4jobs.com\/wp-content\/uploads\/2024\/09\/1-2.png\" data-bg=\"p:center top;\" data-parallax=\"13\" data-no-retina>\n<!--\n\t\t\t\t\t\t\t--><rs-layer\n\t\t\t\t\t\t\t\tid=\"slider-4-slide-8-layer-1\" \n\t\t\t\t\t\t\t\tdata-type=\"text\"\n\t\t\t\t\t\t\t\tdata-rsp_ch=\"on\"\n\t\t\t\t\t\t\t\tdata-xy=\"x:l,l,c,c;xo:45px,30px,0,5px;y:m,m,m,t;yo:0,0,-150px,53px;\"\n\t\t\t\t\t\t\t\tdata-text=\"w:normal;s:70,70,70,55;l:70,70,70,60;ls:-4px,-4px,-4px,-2px;fw:800;a:left,left,center,center;\"\n\t\t\t\t\t\t\t\tdata-dim=\"w:586px,586px,725px,451px;\"\n\t\t\t\t\t\t\t\tdata-frame_0=\"y:100%;\"\n\t\t\t\t\t\t\t\tdata-frame_0_mask=\"u:t;y:100%;\"\n\t\t\t\t\t\t\t\tdata-frame_1=\"e:power2.inOut;sp:2000;sR:10;\"\n\t\t\t\t\t\t\t\tdata-frame_1_mask=\"u:t;\"\n\t\t\t\t\t\t\t\tdata-frame_999=\"o:0;st:w;sR:6990;\"\n\t\t\t\t\t\t\t\tstyle=\"z-index:6;font-family:'Barlow';\"\n\t\t\t\t\t\t\t>\u00bfQu\u00e9 es IBERO4JOBS? \n\t\t\t\t\t\t\t<\/rs-layer><!--\n\n\t\t\t\t\t\t\t--><rs-layer\n\t\t\t\t\t\t\t\tid=\"slider-4-slide-8-layer-3\" \n\t\t\t\t\t\t\t\tdata-type=\"text\"\n\t\t\t\t\t\t\t\tdata-rsp_ch=\"on\"\n\t\t\t\t\t\t\t\tdata-xy=\"x:l,l,c,c;xo:45px,30px,1px,2px;y:m;yo:129px,146px,-15px,-10px;\"\n\t\t\t\t\t\t\t\tdata-text=\"w:normal;s:18;l:22;ls:2px,2px,1px,1px;fw:500;a:inherit,inherit,center,center;\"\n\t\t\t\t\t\t\t\tdata-dim=\"w:797px,808px,626px,438px;h:auto,121px,145px,191px;\"\n\t\t\t\t\t\t\t\tdata-frame_0=\"y:100%;\"\n\t\t\t\t\t\t\t\tdata-frame_0_mask=\"u:t;y:100%;\"\n\t\t\t\t\t\t\t\tdata-frame_1=\"e:power2.inOut;sp:5000;sR:10;\"\n\t\t\t\t\t\t\t\tdata-frame_1_mask=\"u:t;\"\n\t\t\t\t\t\t\t\tdata-frame_999=\"o:0;st:w;sR:6990;\"\n\t\t\t\t\t\t\t\tstyle=\"z-index:7;font-family:'Raleway';\"\n\t\t\t\t\t\t\t>Es un proyecto que busca aprovechar la experticia y los conocimientos de las universidades europeas para que trasladen sus metodolog\u00edas de articulaci\u00f3n con el sector empresarial a las universidades socias en aras de mejorar la empleabilidad y contribuir al crecimiento sostenible de la regi\u00f3n. <br \/>\n \n\t\t\t\t\t\t\t<\/rs-layer><!--\n-->\t\t\t\t\t\t<\/rs-slide>\n\t\t\t\t\t\t<rs-slide style=\"position: absolute;\" data-key=\"rs-23\" data-title=\"Slide\" data-anim=\"ms:10;\" data-in=\"o:1;\" data-out=\"a:false;\" data-alttrans=\"parallaxtobottom\">\n\t\t\t\t\t\t\t<img loading=\"lazy\" decoding=\"async\" src=\"\/\/ibero4jobs.com\/wp-content\/plugins\/revslider\/public\/assets\/assets\/dummy.png\" alt=\"\" title=\"2\" width=\"1920\" height=\"1080\" class=\"rev-slidebg tp-rs-img rs-lazyload\" data-lazyload=\"\/\/ibero4jobs.com\/wp-content\/uploads\/2024\/09\/2-1.png\" data-bg=\"p:center top;\" data-parallax=\"13\" data-no-retina>\n<!--\n\t\t\t\t\t\t\t--><rs-layer\n\t\t\t\t\t\t\t\tid=\"slider-4-slide-23-layer-1\" \n\t\t\t\t\t\t\t\tdata-type=\"text\"\n\t\t\t\t\t\t\t\tdata-rsp_ch=\"on\"\n\t\t\t\t\t\t\t\tdata-xy=\"x:l,l,c,c;xo:45px,30px,0,5px;y:m,m,m,t;yo:0,0,-150px,53px;\"\n\t\t\t\t\t\t\t\tdata-text=\"w:normal;s:70,70,70,55;l:70,70,70,60;ls:-4px,-4px,-4px,-2px;fw:800;a:left,left,center,center;\"\n\t\t\t\t\t\t\t\tdata-dim=\"w:586px,586px,725px,451px;\"\n\t\t\t\t\t\t\t\tdata-frame_0=\"y:100%;\"\n\t\t\t\t\t\t\t\tdata-frame_0_mask=\"u:t;y:100%;\"\n\t\t\t\t\t\t\t\tdata-frame_1=\"e:power2.inOut;sp:0;sR:10;\"\n\t\t\t\t\t\t\t\tdata-frame_1_mask=\"u:t;\"\n\t\t\t\t\t\t\t\tdata-frame_999=\"o:0;st:w;sR:6940;\"\n\t\t\t\t\t\t\t\tstyle=\"z-index:6;font-family:'Barlow';\"\n\t\t\t\t\t\t\t>\u00bfQu\u00e9 es IBERO4JOBS? \n\t\t\t\t\t\t\t<\/rs-layer><!--\n\n\t\t\t\t\t\t\t--><rs-layer\n\t\t\t\t\t\t\t\tid=\"slider-4-slide-23-layer-3\" \n\t\t\t\t\t\t\t\tdata-type=\"text\"\n\t\t\t\t\t\t\t\tdata-rsp_ch=\"on\"\n\t\t\t\t\t\t\t\tdata-xy=\"x:l,l,c,c;xo:45px,30px,1px,2px;y:m;yo:129px,146px,-15px,-10px;\"\n\t\t\t\t\t\t\t\tdata-text=\"w:normal;s:18;l:22;ls:2px,2px,1px,1px;fw:500;a:inherit,inherit,center,center;\"\n\t\t\t\t\t\t\t\tdata-dim=\"w:797px,808px,626px,438px;h:auto,121px,145px,191px;\"\n\t\t\t\t\t\t\t\tdata-frame_0=\"y:100%;\"\n\t\t\t\t\t\t\t\tdata-frame_0_mask=\"u:t;y:100%;\"\n\t\t\t\t\t\t\t\tdata-frame_1=\"e:power2.inOut;sp:0;\"\n\t\t\t\t\t\t\t\tdata-frame_1_mask=\"u:t;\"\n\t\t\t\t\t\t\t\tdata-frame_999=\"o:0;st:w;sR:6950;\"\n\t\t\t\t\t\t\t\tstyle=\"z-index:7;font-family:'Raleway';\"\n\t\t\t\t\t\t\t>Es un proyecto que busca aprovechar la experticia y los conocimientos de las universidades europeas para que trasladen sus metodolog\u00edas de articulaci\u00f3n con el sector empresarial a las universidades socias en aras de mejorar la empleabilidad y contribuir al crecimiento sostenible de la regi\u00f3n. <br \/>\n \n\t\t\t\t\t\t\t<\/rs-layer><!--\n-->\t\t\t\t\t\t<\/rs-slide>\n\t\t\t\t\t<\/rs-slides>\n\t\t\t\t\t<rs-static-layers><!--\n\t\t\t\t\t--><\/rs-static-layers>\n\t\t\t\t<\/rs-module>\n\t\t\t\t<script>\n\t\t\t\t\tsetREVStartSize({c: 'rev_slider_4_1',rl:[1240,1024,778,480],el:[692,768,600,600],gw:[1920,1024,778,480],gh:[692,768,600,600],type:'standard',justify:'',layout:'fullscreen',offsetContainer:'',offset:'',mh:\"0\"});if (window.RS_MODULES!==undefined && window.RS_MODULES.modules!==undefined && window.RS_MODULES.modules[\"revslider41\"]!==undefined) {window.RS_MODULES.modules[\"revslider41\"].once = false;window.revapi4 = undefined;if (window.RS_MODULES.checkMinimal!==undefined) window.RS_MODULES.checkMinimal()}\n\t\t\t\t<\/script>\n\t\t\t<\/rs-module-wrap>\n\t\t\t<!-- END REVOLUTION SLIDER -->\n<\/div><\/div><\/div><\/div><div data-vc-full-width=\"true\" data-vc-full-width-init=\"false\" data-vc-stretch-content=\"true\" class=\"vc_row wpb_row vc_row-fluid vc_custom_1691014808227\"><div class=\"wpb_column vc_column_container vc_col-sm-8 vc_col-has-fill\"><div class=\"vc_column-inner vc_custom_1691014302831\"><div class=\"wpb_wrapper\">\n\t<div class=\"wpb_video_widget wpb_content_element vc_clearfix   vc_video-aspect-ratio-169 vc_video-el-width-100 vc_video-align-center\" >\n\t\t<div class=\"wpb_wrapper\">\n\t\t\t\n\t\t\t<div class=\"wpb_video_wrapper\"><iframe title=\"Tour Licorero con participantes del proyecto internacional Ibero4Jobs\" width=\"500\" height=\"281\" src=\"https:\/\/www.youtube.com\/embed\/6A_HiWlq5-Q?feature=oembed\" frameborder=\"0\" allow=\"accelerometer; autoplay; clipboard-write; encrypted-media; gyroscope; picture-in-picture; web-share\" referrerpolicy=\"strict-origin-when-cross-origin\" allowfullscreen><\/iframe><\/div>\n\t\t<\/div>\n\t<\/div>\n<\/div><\/div><\/div><div class=\"wpb_column vc_column_container vc_col-sm-4\"><div class=\"vc_column-inner\"><div class=\"wpb_wrapper\">\n\t<div class=\"wpb_text_column wpb_content_element \" >\n\t\t<div class=\"wpb_wrapper\">\n\t\t\t<h1 style=\"text-align: center;\"><strong>Titulo Video<\/strong><\/h1>\n\n\t\t<\/div>\n\t<\/div>\n\n\t<div class=\"wpb_text_column wpb_content_element \" >\n\t\t<div class=\"wpb_wrapper\">\n\t\t\t<p style=\"text-align: left;\"><strong>Lorem Ipsum<\/strong>\u00a0es simplemente el texto de relleno de las imprentas y archivos de texto. Lorem Ipsum ha sido el texto de relleno est\u00e1ndar de las industrias desde el a\u00f1o 1500, cuando un impresor (N. del T. persona que se dedica a la imprenta) desconocido us\u00f3 una galer\u00eda de textos y los mezcl\u00f3 de tal manera que logr\u00f3 hacer un libro de textos especimen. No s\u00f3lo sobrevivi\u00f3 500 a\u00f1os, sino que tambien ingres\u00f3 como texto de relleno en documentos electr\u00f3nicos, quedando esencialmente igual al original. Fue popularizado en los 60s con la creaci\u00f3n de las hojas &#8220;Letraset&#8221;, las cuales contenian pasajes de Lorem Ipsum, y m\u00e1s recientemente con software de autoedici\u00f3n, como por ejemplo Aldus PageMaker, el cual incluye versiones de Lorem Ipsum.<\/p>\n\n\t\t<\/div>\n\t<\/div>\n<\/div><\/div><\/div><\/div><div class=\"vc_row-full-width vc_clearfix\"><\/div><div data-vc-full-width=\"true\" data-vc-full-width-init=\"false\" data-vc-stretch-content=\"true\" class=\"vc_row wpb_row vc_row-fluid vc_custom_1691009169942 vc_row-has-fill vc_row-no-padding vc_row-o-content-middle vc_row-flex\"><div class=\"wpb_column vc_column_container vc_col-sm-12 vc_col-has-fill\"><div class=\"vc_column-inner vc_custom_1691009138257\"><div class=\"wpb_wrapper\">\n\t<div  class=\"wpb_single_image wpb_content_element vc_align_center  vc_custom_1691008748187\">\n\t\t\n\t\t<figure class=\"wpb_wrapper vc_figure\">\n\t\t\t<a href=\"https:\/\/ibero4jobs.com\/wp-content\/uploads\/2023\/08\/Socios_2-1024x282.jpg\" target=\"_self\" class=\"vc_single_image-wrapper   vc_box_border_grey\"><img loading=\"lazy\" decoding=\"async\" width=\"1920\" height=\"528\" src=\"https:\/\/ibero4jobs.com\/wp-content\/uploads\/2023\/08\/Socios_2.jpg\" class=\"vc_single_image-img attachment-full\" alt=\"\" title=\"Socios_2\" srcset=\"https:\/\/ibero4jobs.com\/wp-content\/uploads\/2023\/08\/Socios_2.jpg 1920w, https:\/\/ibero4jobs.com\/wp-content\/uploads\/2023\/08\/Socios_2-300x83.jpg 300w, https:\/\/ibero4jobs.com\/wp-content\/uploads\/2023\/08\/Socios_2-1024x282.jpg 1024w, https:\/\/ibero4jobs.com\/wp-content\/uploads\/2023\/08\/Socios_2-768x211.jpg 768w, https:\/\/ibero4jobs.com\/wp-content\/uploads\/2023\/08\/Socios_2-1536x422.jpg 1536w, https:\/\/ibero4jobs.com\/wp-content\/uploads\/2023\/08\/Socios_2-600x165.jpg 600w\" sizes=\"(max-width: 1920px) 100vw, 1920px\" \/><\/a>\n\t\t<\/figure>\n\t<\/div>\n<\/div><\/div><\/div><\/div><div class=\"vc_row-full-width vc_clearfix\"><\/div><div data-vc-full-width=\"true\" data-vc-full-width-init=\"false\" class=\"vc_row wpb_row vc_row-fluid vc_custom_1524300504614\"><div class=\"wpb_column vc_column_container vc_col-sm-12 vc_col-has-fill\"><div class=\"vc_column-inner vc_custom_1691016532062\"><div class=\"wpb_wrapper\"><!-- blog -->\r<div class=\"blog element-five owl-carousel owl-nav-style-one owl-dot-style-two demo-nine-post rt1356268074\"  data-owl-nav=\"false\" data-owl-dots=\"false\" data-owl-loop=\"true\" data-owl-autoplay=\"true\" data-owl-autoplay-timeout=\"1000000\" data-owl-mobile-items=\"1\" data-owl-tab-items=\"2\" data-owl-desktop-items=\"3\"><article class=\"blog-item \" ><div class=\"holder\"><div class=\"pic\"><img loading=\"lazy\" decoding=\"async\" src=\"https:\/\/ibero4jobs.com\/wp-content\/plugins\/radiantthemes-addons\/blog\/images\/blank-image-100x60.jpg\" alt=\"blank image\" width=\"100\" height=\"60\"><a class=\"holder\" href=\"https:\/\/ibero4jobs.com\/es\/d9-1-resultados-de-la-semana-de-retos\/\" style=\"background-image:url()\"><\/a><\/div><div class=\"date\">Abr <strong>08<\/strong><\/div><div class=\"data\"><h4><a href=\"https:\/\/ibero4jobs.com\/es\/d9-1-resultados-de-la-semana-de-retos\/\">D9.1 Resultados de la Semana de Retos<\/a><\/h4><ul class=\"meta\"><li><i class=\"fa fa-user-o\"><\/i> Erasmus UCaldas<\/li><\/ul><p><\/p><a class=\"btn\" href=\"https:\/\/ibero4jobs.com\/es\/d9-1-resultados-de-la-semana-de-retos\/\">Read More<\/a><\/div><\/div><\/article><article class=\"blog-item \" ><div class=\"holder\"><div class=\"pic\"><img loading=\"lazy\" decoding=\"async\" src=\"https:\/\/ibero4jobs.com\/wp-content\/plugins\/radiantthemes-addons\/blog\/images\/blank-image-100x60.jpg\" alt=\"blank image\" width=\"100\" height=\"60\"><a class=\"holder\" href=\"https:\/\/ibero4jobs.com\/es\/d8-1-resultados-de-la-estrategia-de-comunicacion-y-diseminacion\/\" style=\"background-image:url()\"><\/a><\/div><div class=\"date\">Abr <strong>08<\/strong><\/div><div class=\"data\"><h4><a href=\"https:\/\/ibero4jobs.com\/es\/d8-1-resultados-de-la-estrategia-de-comunicacion-y-diseminacion\/\">D8.1 Resultados de la estrategia de comunicaci\u00f3n y diseminaci\u00f3n<\/a><\/h4><ul class=\"meta\"><li><i class=\"fa fa-user-o\"><\/i> Erasmus UCaldas<\/li><\/ul><p><\/p><a class=\"btn\" href=\"https:\/\/ibero4jobs.com\/es\/d8-1-resultados-de-la-estrategia-de-comunicacion-y-diseminacion\/\">Read More<\/a><\/div><\/div><\/article><article class=\"blog-item \" ><div class=\"holder\"><div class=\"pic\"><img loading=\"lazy\" decoding=\"async\" src=\"https:\/\/ibero4jobs.com\/wp-content\/plugins\/radiantthemes-addons\/blog\/images\/blank-image-100x60.jpg\" alt=\"blank image\" width=\"100\" height=\"60\"><a class=\"holder\" href=\"https:\/\/ibero4jobs.com\/es\/d5-1-libro-digital-de-sistematizacion-de-las-experiencias-aprendidas\/\" style=\"background-image:url()\"><\/a><\/div><div class=\"date\">Abr <strong>08<\/strong><\/div><div class=\"data\"><h4><a href=\"https:\/\/ibero4jobs.com\/es\/d5-1-libro-digital-de-sistematizacion-de-las-experiencias-aprendidas\/\">D5.1 Libro digital de sistematizaci\u00f3n de las experiencias aprendidas<\/a><\/h4><ul class=\"meta\"><li><i class=\"fa fa-user-o\"><\/i> Erasmus UCaldas<\/li><\/ul><p><\/p><a class=\"btn\" href=\"https:\/\/ibero4jobs.com\/es\/d5-1-libro-digital-de-sistematizacion-de-las-experiencias-aprendidas\/\">Read More<\/a><\/div><\/div><\/article><article class=\"blog-item \" ><div class=\"holder\"><div class=\"pic\"><img loading=\"lazy\" decoding=\"async\" src=\"https:\/\/ibero4jobs.com\/wp-content\/plugins\/radiantthemes-addons\/blog\/images\/blank-image-100x60.jpg\" alt=\"blank image\" width=\"100\" height=\"60\"><a class=\"holder\" href=\"https:\/\/ibero4jobs.com\/es\/d4-1-resultados-de-los-pilotos-y-metodologia-ibero4jobs-ajustada\/\" style=\"background-image:url()\"><\/a><\/div><div class=\"date\">Abr <strong>08<\/strong><\/div><div class=\"data\"><h4><a href=\"https:\/\/ibero4jobs.com\/es\/d4-1-resultados-de-los-pilotos-y-metodologia-ibero4jobs-ajustada\/\">D4.1 Resultados de los pilotos y metodolog\u00eda IBERO4JOBS ajustada<\/a><\/h4><ul class=\"meta\"><li><i class=\"fa fa-user-o\"><\/i> Erasmus UCaldas<\/li><\/ul><p>En esta fase del proyecto, los delegados de las universidades iberoamericanas llevaron a cabo varias actividades, tales como: (1) asistieron...<\/p><a class=\"btn\" href=\"https:\/\/ibero4jobs.com\/es\/d4-1-resultados-de-los-pilotos-y-metodologia-ibero4jobs-ajustada\/\">Read More<\/a><\/div><\/div><\/article><article class=\"blog-item \" ><div class=\"holder\"><div class=\"pic\"><img loading=\"lazy\" decoding=\"async\" src=\"https:\/\/ibero4jobs.com\/wp-content\/plugins\/radiantthemes-addons\/blog\/images\/blank-image-100x60.jpg\" alt=\"blank image\" width=\"100\" height=\"60\"><a class=\"holder\" href=\"https:\/\/ibero4jobs.com\/es\/avances-del-proyecto\/\" style=\"background-image:url()\"><\/a><\/div><div class=\"date\">Abr <strong>08<\/strong><\/div><div class=\"data\"><h4><a href=\"https:\/\/ibero4jobs.com\/es\/avances-del-proyecto\/\">Avances del proyecto<\/a><\/h4><ul class=\"meta\"><li><i class=\"fa fa-user-o\"><\/i> Erasmus UCaldas<\/li><\/ul><p>En esta fase del proyecto, los delegados de las universidades iberoamericanas llevaron a cabo varias actividades, tales como: (1) asistieron...<\/p><a class=\"btn\" href=\"https:\/\/ibero4jobs.com\/es\/avances-del-proyecto\/\">Read More<\/a><\/div><\/div><\/article><article class=\"blog-item \" ><div class=\"holder\"><div class=\"pic\"><img loading=\"lazy\" decoding=\"async\" src=\"https:\/\/ibero4jobs.com\/wp-content\/plugins\/radiantthemes-addons\/blog\/images\/blank-image-100x60.jpg\" alt=\"blank image\" width=\"100\" height=\"60\"><a class=\"holder\" href=\"https:\/\/ibero4jobs.com\/es\/se-presenta-el-d2-1-analisis-del-diagnostico-institucional\/\" style=\"background-image:url()\"><\/a><\/div><div class=\"date\">Abr <strong>08<\/strong><\/div><div class=\"data\"><h4><a href=\"https:\/\/ibero4jobs.com\/es\/se-presenta-el-d2-1-analisis-del-diagnostico-institucional\/\">Se presenta el D2.1 \u201cAn\u00e1lisis del Diagn\u00f3stico Institucional\u201d<\/a><\/h4><ul class=\"meta\"><li><i class=\"fa fa-user-o\"><\/i> Erasmus UCaldas<\/li><\/ul><p>Se presenta el D2.1, \u201cAn\u00e1lisis del Diagn\u00f3stico Institucional\u201d, donde establecemos la l\u00ednea base a partir de la cual debemos comenzar...<\/p><a class=\"btn\" href=\"https:\/\/ibero4jobs.com\/es\/se-presenta-el-d2-1-analisis-del-diagnostico-institucional\/\">Read More<\/a><\/div><\/div><\/article><article class=\"blog-item \" ><div class=\"holder\"><div class=\"pic\"><img loading=\"lazy\" decoding=\"async\" src=\"https:\/\/ibero4jobs.com\/wp-content\/plugins\/radiantthemes-addons\/blog\/images\/blank-image-100x60.jpg\" alt=\"blank image\" width=\"100\" height=\"60\"><a class=\"holder\" href=\"https:\/\/ibero4jobs.com\/es\/libro-digital-sistematizacion-de-experiencias\/\" style=\"background-image:url(https:\/\/ibero4jobs.com\/wp-content\/uploads\/2026\/03\/WhatsApp-Image-2026-03-12-at-8.51.46-AM-791x1024.jpeg)\"><\/a><\/div><div class=\"date\">Mar <strong>12<\/strong><\/div><div class=\"data\"><h4><a href=\"https:\/\/ibero4jobs.com\/es\/libro-digital-sistematizacion-de-experiencias\/\">Libro digital &#8211; Sistematizaci\u00f3n de experiencias<\/a><\/h4><ul class=\"meta\"><li><i class=\"fa fa-user-o\"><\/i> Erasmus UCaldas<\/li><\/ul><p>La sistematizaci\u00f3n de experiencias que se presentan en este documento, se construy\u00f3 a partir del proceso de escalamiento de la...<\/p><a class=\"btn\" href=\"https:\/\/ibero4jobs.com\/es\/libro-digital-sistematizacion-de-experiencias\/\">Read More<\/a><\/div><\/div><\/article><article class=\"blog-item \" ><div class=\"holder\"><div class=\"pic\"><img loading=\"lazy\" decoding=\"async\" src=\"https:\/\/ibero4jobs.com\/wp-content\/plugins\/radiantthemes-addons\/blog\/images\/blank-image-100x60.jpg\" alt=\"blank image\" width=\"100\" height=\"60\"><a class=\"holder\" href=\"https:\/\/ibero4jobs.com\/es\/cierre-de-proyecto-y-cumplimiento-de-indicadores-2\/\" style=\"background-image:url(https:\/\/ibero4jobs.com\/wp-content\/uploads\/2026\/03\/cf806046-003e-4c27-a8aa-4e5729b62ffc-1024x566.jpeg)\"><\/a><\/div><div class=\"date\">Mar <strong>11<\/strong><\/div><div class=\"data\"><h4><a href=\"https:\/\/ibero4jobs.com\/es\/cierre-de-proyecto-y-cumplimiento-de-indicadores-2\/\">Cierre de proyecto y cumplimiento de indicadores<\/a><\/h4><ul class=\"meta\"><li><i class=\"fa fa-user-o\"><\/i> Erasmus UCaldas<\/li><\/ul><p>Despu\u00e9s de 36 meses de trabajo colaborativo entre universidades de Europa y Latinoam\u00e9rica, celebramos el cumplimiento del 100% de los...<\/p><a class=\"btn\" href=\"https:\/\/ibero4jobs.com\/es\/cierre-de-proyecto-y-cumplimiento-de-indicadores-2\/\">Read More<\/a><\/div><\/div><\/article><article class=\"blog-item \" ><div class=\"holder\"><div class=\"pic\"><img loading=\"lazy\" decoding=\"async\" src=\"https:\/\/ibero4jobs.com\/wp-content\/plugins\/radiantthemes-addons\/blog\/images\/blank-image-100x60.jpg\" alt=\"blank image\" width=\"100\" height=\"60\"><a class=\"holder\" href=\"https:\/\/ibero4jobs.com\/es\/evento-de-socializacion\/\" style=\"background-image:url(https:\/\/ibero4jobs.com\/wp-content\/uploads\/2025\/02\/e5677e22-abae-422b-aa28-b5d01a62fbc1-1024x768.jpg)\"><\/a><\/div><div class=\"date\">Feb <strong>14<\/strong><\/div><div class=\"data\"><h4><a href=\"https:\/\/ibero4jobs.com\/es\/evento-de-socializacion\/\">Evento de Socializaci\u00f3n Resultados Programas Pilotos Manizales<\/a><\/h4><ul class=\"meta\"><li><i class=\"fa fa-user-o\"><\/i> Erasmus UCaldas<\/li><\/ul><p>Conoce m\u00e1s sobre esta noticia<\/p><a class=\"btn\" href=\"https:\/\/ibero4jobs.com\/es\/evento-de-socializacion\/\">Read More<\/a><\/div><\/div><\/article><article class=\"blog-item \" ><div class=\"holder\"><div class=\"pic\"><img loading=\"lazy\" decoding=\"async\" src=\"https:\/\/ibero4jobs.com\/wp-content\/plugins\/radiantthemes-addons\/blog\/images\/blank-image-100x60.jpg\" alt=\"blank image\" width=\"100\" height=\"60\"><a class=\"holder\" href=\"https:\/\/ibero4jobs.com\/es\/https-www-autonoma-edu-co-blog-noticias-ibero4jobs-potencia-la-creacion-de-desafios-y-retos-empresariales-en-manizales\/\" style=\"background-image:url(https:\/\/ibero4jobs.com\/wp-content\/uploads\/2024\/05\/Captura-de-pantalla-2024-05-03-a-las-10.05.01-a.m-1024x463.png)\"><\/a><\/div><div class=\"date\">Sep <strong>19<\/strong><\/div><div class=\"data\"><h4><a href=\"https:\/\/ibero4jobs.com\/es\/https-www-autonoma-edu-co-blog-noticias-ibero4jobs-potencia-la-creacion-de-desafios-y-retos-empresariales-en-manizales\/\">Ibero4jobs potencia la creaci\u00f3n de desaf\u00edos y retos empresariales en Manizales<\/a><\/h4><ul class=\"meta\"><li><i class=\"fa fa-user-o\"><\/i> Erasmus UCaldas<\/li><\/ul><p>Conoce m\u00e1s sobre esta noticia<\/p><a class=\"btn\" href=\"https:\/\/ibero4jobs.com\/es\/https-www-autonoma-edu-co-blog-noticias-ibero4jobs-potencia-la-creacion-de-desafios-y-retos-empresariales-en-manizales\/\">Read More<\/a><\/div><\/div><\/article><article class=\"blog-item \" ><div class=\"holder\"><div class=\"pic\"><img loading=\"lazy\" decoding=\"async\" src=\"https:\/\/ibero4jobs.com\/wp-content\/plugins\/radiantthemes-addons\/blog\/images\/blank-image-100x60.jpg\" alt=\"blank image\" width=\"100\" height=\"60\"><a class=\"holder\" href=\"https:\/\/ibero4jobs.com\/es\/la-uan-avanza\/\" style=\"background-image:url(https:\/\/ibero4jobs.com\/wp-content\/uploads\/2024\/05\/Captura-de-pantalla-2024-05-03-a-las-10.05.01-a.m-1024x463.png)\"><\/a><\/div><div class=\"date\">Abr <strong>04<\/strong><\/div><div class=\"data\"><h4><a href=\"https:\/\/ibero4jobs.com\/es\/la-uan-avanza\/\">La UAN avanza en ecosistemas de cooperaci\u00f3n internacional<\/a><\/h4><ul class=\"meta\"><li><i class=\"fa fa-user-o\"><\/i> Erasmus UCaldas<\/li><\/ul><p>Conoce m\u00e1s sobre esta noticia<\/p><a class=\"btn\" href=\"https:\/\/ibero4jobs.com\/es\/la-uan-avanza\/\">Read More<\/a><\/div><\/div><\/article><article class=\"blog-item \" ><div class=\"holder\"><div class=\"pic\"><img loading=\"lazy\" decoding=\"async\" src=\"https:\/\/ibero4jobs.com\/wp-content\/plugins\/radiantthemes-addons\/blog\/images\/blank-image-100x60.jpg\" alt=\"blank image\" width=\"100\" height=\"60\"><a class=\"holder\" href=\"https:\/\/ibero4jobs.com\/es\/la-uan-participa-en-el-proyecto\/\" style=\"background-image:url(https:\/\/ibero4jobs.com\/wp-content\/uploads\/2024\/05\/434863554_812798834209699_5108339924574585248_n-e1712025483690-1024x785.webp)\"><\/a><\/div><div class=\"date\">Abr <strong>03<\/strong><\/div><div class=\"data\"><h4><a href=\"https:\/\/ibero4jobs.com\/es\/la-uan-participa-en-el-proyecto\/\">La UAN participa en el proyecto IBERO4JOBS de ERASMUS+<\/a><\/h4><ul class=\"meta\"><li><i class=\"fa fa-user-o\"><\/i> Erasmus UCaldas<\/li><\/ul><p>Conoce m\u00e1s sobre esta noticia<\/p><a class=\"btn\" href=\"https:\/\/ibero4jobs.com\/es\/la-uan-participa-en-el-proyecto\/\">Read More<\/a><\/div><\/div><\/article><article class=\"blog-item \" ><div class=\"holder\"><div class=\"pic\"><img loading=\"lazy\" decoding=\"async\" src=\"https:\/\/ibero4jobs.com\/wp-content\/plugins\/radiantthemes-addons\/blog\/images\/blank-image-100x60.jpg\" alt=\"blank image\" width=\"100\" height=\"60\"><a class=\"holder\" href=\"https:\/\/ibero4jobs.com\/es\/o-proxecto-europeo-ibero4jobs\/\" style=\"background-image:url(https:\/\/ibero4jobs.com\/wp-content\/uploads\/2024\/05\/ibero1-1024x576.jpg)\"><\/a><\/div><div class=\"date\">Abr <strong>01<\/strong><\/div><div class=\"data\"><h4><a href=\"https:\/\/ibero4jobs.com\/es\/o-proxecto-europeo-ibero4jobs\/\">O proxecto europeo Ibero4Jobs tende pontes entre o \u00e1mbito acad\u00e9mico e empresarial para fomentar a empregabilidade.<\/a><\/h4><ul class=\"meta\"><li><i class=\"fa fa-user-o\"><\/i> Erasmus UCaldas<\/li><\/ul><p>Conoce m\u00e1s sobre esta noticia<\/p><a class=\"btn\" href=\"https:\/\/ibero4jobs.com\/es\/o-proxecto-europeo-ibero4jobs\/\">Read More<\/a><\/div><\/div><\/article><article class=\"blog-item \" ><div class=\"holder\"><div class=\"pic\"><img loading=\"lazy\" decoding=\"async\" src=\"https:\/\/ibero4jobs.com\/wp-content\/plugins\/radiantthemes-addons\/blog\/images\/blank-image-100x60.jpg\" alt=\"blank image\" width=\"100\" height=\"60\"><a class=\"holder\" href=\"https:\/\/ibero4jobs.com\/es\/empleabilidad\/\" style=\"background-image:url(https:\/\/ibero4jobs.com\/wp-content\/uploads\/2024\/03\/IMG_9358-1024x665.jpg)\"><\/a><\/div><div class=\"date\">Mar <strong>20<\/strong><\/div><div class=\"data\"><h4><a href=\"https:\/\/ibero4jobs.com\/es\/empleabilidad\/\">Encuentro internacional para potenciar la empleabilidad de los estudiantes de la  Universidad de Caldas<\/a><\/h4><ul class=\"meta\"><li><i class=\"fa fa-user-o\"><\/i> Noticias ibero<\/li><\/ul><p>Conoce m\u00e1s sobre esta noticia<\/p><a class=\"btn\" href=\"https:\/\/ibero4jobs.com\/es\/empleabilidad\/\">Read More<\/a><\/div><\/div><\/article><article class=\"blog-item \" ><div class=\"holder\"><div class=\"pic\"><img loading=\"lazy\" decoding=\"async\" src=\"https:\/\/ibero4jobs.com\/wp-content\/plugins\/radiantthemes-addons\/blog\/images\/blank-image-100x60.jpg\" alt=\"blank image\" width=\"100\" height=\"60\"><a class=\"holder\" href=\"https:\/\/ibero4jobs.com\/es\/fundacion-luker\/\" style=\"background-image:url(https:\/\/ibero4jobs.com\/wp-content\/uploads\/2023\/09\/Fundacion-Luker-1024x745.jpg)\"><\/a><\/div><div class=\"date\">Sep <strong>08<\/strong><\/div><div class=\"data\"><h4><a href=\"https:\/\/ibero4jobs.com\/es\/fundacion-luker\/\">Fundaci\u00f3n Luker<\/a><\/h4><ul class=\"meta\"><li><i class=\"fa fa-user-o\"><\/i> Noticias ibero<\/li><\/ul><p>Conoce m\u00e1s sobre esta noticia<\/p><a class=\"btn\" href=\"https:\/\/ibero4jobs.com\/es\/fundacion-luker\/\">Read More<\/a><\/div><\/div><\/article><article class=\"blog-item \" ><div class=\"holder\"><div class=\"pic\"><img loading=\"lazy\" decoding=\"async\" src=\"https:\/\/ibero4jobs.com\/wp-content\/plugins\/radiantthemes-addons\/blog\/images\/blank-image-100x60.jpg\" alt=\"blank image\" width=\"100\" height=\"60\"><a class=\"holder\" href=\"https:\/\/ibero4jobs.com\/es\/secretaria-de-extension-y-vinculacion-uan-2\/\" style=\"background-image:url(https:\/\/ibero4jobs.com\/wp-content\/uploads\/2023\/09\/11-1024x768.jpeg)\"><\/a><\/div><div class=\"date\">Sep <strong>08<\/strong><\/div><div class=\"data\"><h4><a href=\"https:\/\/ibero4jobs.com\/es\/secretaria-de-extension-y-vinculacion-uan-2\/\">Secretar\u00eda de extensi\u00f3n y vinculaci\u00f3n &#8211; UAN<\/a><\/h4><ul class=\"meta\"><li><i class=\"fa fa-user-o\"><\/i> Noticias ibero<\/li><\/ul><p>Conoce m\u00e1s sobre esta noticia<\/p><a class=\"btn\" href=\"https:\/\/ibero4jobs.com\/es\/secretaria-de-extension-y-vinculacion-uan-2\/\">Read More<\/a><\/div><\/div><\/article><article class=\"blog-item \" ><div class=\"holder\"><div class=\"pic\"><img loading=\"lazy\" decoding=\"async\" src=\"https:\/\/ibero4jobs.com\/wp-content\/plugins\/radiantthemes-addons\/blog\/images\/blank-image-100x60.jpg\" alt=\"blank image\" width=\"100\" height=\"60\"><a class=\"holder\" href=\"https:\/\/ibero4jobs.com\/es\/universidad-de-vigo-y-la-uam-se-unen-para-fortalecer-el-sector-empresarial\/\" style=\"background-image:url(https:\/\/ibero4jobs.com\/wp-content\/uploads\/2023\/09\/13-1024x680.jpeg)\"><\/a><\/div><div class=\"date\">Sep <strong>07<\/strong><\/div><div class=\"data\"><h4><a href=\"https:\/\/ibero4jobs.com\/es\/universidad-de-vigo-y-la-uam-se-unen-para-fortalecer-el-sector-empresarial\/\">Universidad de Vigo y la UAM se unen para fortalecer el sector empresarial<\/a><\/h4><ul class=\"meta\"><li><i class=\"fa fa-user-o\"><\/i> Noticias ibero<\/li><\/ul><p>Conoce m\u00e1s sobre esta noticia<\/p><a class=\"btn\" href=\"https:\/\/ibero4jobs.com\/es\/universidad-de-vigo-y-la-uam-se-unen-para-fortalecer-el-sector-empresarial\/\">Read More<\/a><\/div><\/div><\/article><article class=\"blog-item \" ><div class=\"holder\"><div class=\"pic\"><img loading=\"lazy\" decoding=\"async\" src=\"https:\/\/ibero4jobs.com\/wp-content\/plugins\/radiantthemes-addons\/blog\/images\/blank-image-100x60.jpg\" alt=\"blank image\" width=\"100\" height=\"60\"><a class=\"holder\" href=\"https:\/\/ibero4jobs.com\/es\/universidad-tecnologica-de-nayarit-2\/\" style=\"background-image:url(https:\/\/ibero4jobs.com\/wp-content\/uploads\/2023\/09\/09-1024x683.jpeg)\"><\/a><\/div><div class=\"date\">Sep <strong>06<\/strong><\/div><div class=\"data\"><h4><a href=\"https:\/\/ibero4jobs.com\/es\/universidad-tecnologica-de-nayarit-2\/\">Universidad Tecnol\u00f3gica de Nayarit<\/a><\/h4><ul class=\"meta\"><li><i class=\"fa fa-user-o\"><\/i> Noticias ibero<\/li><\/ul><p>Conoce m\u00e1s sobre esta noticia<\/p><a class=\"btn\" href=\"https:\/\/ibero4jobs.com\/es\/universidad-tecnologica-de-nayarit-2\/\">Read More<\/a><\/div><\/div><\/article><article class=\"blog-item \" ><div class=\"holder\"><div class=\"pic\"><img loading=\"lazy\" decoding=\"async\" src=\"https:\/\/ibero4jobs.com\/wp-content\/plugins\/radiantthemes-addons\/blog\/images\/blank-image-100x60.jpg\" alt=\"blank image\" width=\"100\" height=\"60\"><a class=\"holder\" href=\"https:\/\/ibero4jobs.com\/es\/universidad-tecnologica-de-nayarit-3\/\" style=\"background-image:url(https:\/\/ibero4jobs.com\/wp-content\/uploads\/2023\/10\/Universidad-Tecnologica-de-Nayarit-001-1024x683.jpeg)\"><\/a><\/div><div class=\"date\">Sep <strong>06<\/strong><\/div><div class=\"data\"><h4><a href=\"https:\/\/ibero4jobs.com\/es\/universidad-tecnologica-de-nayarit-3\/\">Universidad Tecnol\u00f3gica de Nayarit<\/a><\/h4><ul class=\"meta\"><li><i class=\"fa fa-user-o\"><\/i> Noticias ibero<\/li><\/ul><p>Conoce m\u00e1s sobre esta noticia<\/p><a class=\"btn\" href=\"https:\/\/ibero4jobs.com\/es\/universidad-tecnologica-de-nayarit-3\/\">Read More<\/a><\/div><\/div><\/article><article class=\"blog-item \" ><div class=\"holder\"><div class=\"pic\"><img loading=\"lazy\" decoding=\"async\" src=\"https:\/\/ibero4jobs.com\/wp-content\/plugins\/radiantthemes-addons\/blog\/images\/blank-image-100x60.jpg\" alt=\"blank image\" width=\"100\" height=\"60\"><a class=\"holder\" href=\"https:\/\/ibero4jobs.com\/es\/universidad-tecnologica-de-nayarit-4\/\" style=\"background-image:url(https:\/\/ibero4jobs.com\/wp-content\/uploads\/2023\/10\/08-1024x683.jpeg)\"><\/a><\/div><div class=\"date\">Sep <strong>06<\/strong><\/div><div class=\"data\"><h4><a href=\"https:\/\/ibero4jobs.com\/es\/universidad-tecnologica-de-nayarit-4\/\">Universidad Tecnol\u00f3gica de Nayarit<\/a><\/h4><ul class=\"meta\"><li><i class=\"fa fa-user-o\"><\/i> Noticias ibero<\/li><\/ul><p>Conoce m\u00e1s sobre esta noticia<\/p><a class=\"btn\" href=\"https:\/\/ibero4jobs.com\/es\/universidad-tecnologica-de-nayarit-4\/\">Read More<\/a><\/div><\/div><\/article><article class=\"blog-item \" ><div class=\"holder\"><div class=\"pic\"><img loading=\"lazy\" decoding=\"async\" src=\"https:\/\/ibero4jobs.com\/wp-content\/plugins\/radiantthemes-addons\/blog\/images\/blank-image-100x60.jpg\" alt=\"blank image\" width=\"100\" height=\"60\"><a class=\"holder\" href=\"https:\/\/ibero4jobs.com\/es\/universidad-tecnologica-de-nayarit-5\/\" style=\"background-image:url(https:\/\/ibero4jobs.com\/wp-content\/uploads\/2023\/10\/06-1024x683.jpeg)\"><\/a><\/div><div class=\"date\">Sep <strong>06<\/strong><\/div><div class=\"data\"><h4><a href=\"https:\/\/ibero4jobs.com\/es\/universidad-tecnologica-de-nayarit-5\/\">Universidad Tecnol\u00f3gica de Nayarit<\/a><\/h4><ul class=\"meta\"><li><i class=\"fa fa-user-o\"><\/i> Noticias ibero<\/li><\/ul><p>Conoce m\u00e1s sobre esta noticia<\/p><a class=\"btn\" href=\"https:\/\/ibero4jobs.com\/es\/universidad-tecnologica-de-nayarit-5\/\">Read More<\/a><\/div><\/div><\/article><article class=\"blog-item \" ><div class=\"holder\"><div class=\"pic\"><img loading=\"lazy\" decoding=\"async\" src=\"https:\/\/ibero4jobs.com\/wp-content\/plugins\/radiantthemes-addons\/blog\/images\/blank-image-100x60.jpg\" alt=\"blank image\" width=\"100\" height=\"60\"><a class=\"holder\" href=\"https:\/\/ibero4jobs.com\/es\/secretaria-de-extension-y-vinculacion-uan-3\/\" style=\"background-image:url(https:\/\/ibero4jobs.com\/wp-content\/uploads\/2023\/10\/Secretaria-de-extension-y-vinculacion-UAN-1-1024x768.jpeg)\"><\/a><\/div><div class=\"date\">Sep <strong>06<\/strong><\/div><div class=\"data\"><h4><a href=\"https:\/\/ibero4jobs.com\/es\/secretaria-de-extension-y-vinculacion-uan-3\/\">Secretar\u00eda de extensi\u00f3n y vinculaci\u00f3n &#8211; UAN<\/a><\/h4><ul class=\"meta\"><li><i class=\"fa fa-user-o\"><\/i> Noticias ibero<\/li><\/ul><p>Conoce m\u00e1s sobre esta noticia<\/p><a class=\"btn\" href=\"https:\/\/ibero4jobs.com\/es\/secretaria-de-extension-y-vinculacion-uan-3\/\">Read More<\/a><\/div><\/div><\/article><article class=\"blog-item \" ><div class=\"holder\"><div class=\"pic\"><img loading=\"lazy\" decoding=\"async\" src=\"https:\/\/ibero4jobs.com\/wp-content\/plugins\/radiantthemes-addons\/blog\/images\/blank-image-100x60.jpg\" alt=\"blank image\" width=\"100\" height=\"60\"><a class=\"holder\" href=\"https:\/\/ibero4jobs.com\/es\/secretaria-de-extension-y-vinculacion-uan\/\" style=\"background-image:url(https:\/\/ibero4jobs.com\/wp-content\/uploads\/2023\/10\/Secretaria-de-extension-y-vinculacion-UAN-768x1024.jpeg)\"><\/a><\/div><div class=\"date\">Sep <strong>06<\/strong><\/div><div class=\"data\"><h4><a href=\"https:\/\/ibero4jobs.com\/es\/secretaria-de-extension-y-vinculacion-uan\/\">Secretar\u00eda de extensi\u00f3n y vinculaci\u00f3n &#8211; UAN<\/a><\/h4><ul class=\"meta\"><li><i class=\"fa fa-user-o\"><\/i> Noticias ibero<\/li><\/ul><p>Conoce m\u00e1s sobre esta noticia<\/p><a class=\"btn\" href=\"https:\/\/ibero4jobs.com\/es\/secretaria-de-extension-y-vinculacion-uan\/\">Read More<\/a><\/div><\/div><\/article><article class=\"blog-item \" ><div class=\"holder\"><div class=\"pic\"><img loading=\"lazy\" decoding=\"async\" src=\"https:\/\/ibero4jobs.com\/wp-content\/plugins\/radiantthemes-addons\/blog\/images\/blank-image-100x60.jpg\" alt=\"blank image\" width=\"100\" height=\"60\"><a class=\"holder\" href=\"https:\/\/ibero4jobs.com\/es\/centro-cultural-casa-fenelon\/\" style=\"background-image:url(https:\/\/ibero4jobs.com\/wp-content\/uploads\/2023\/10\/Centro-Cultural-Casa-Fenelon-1024x766.jpeg)\"><\/a><\/div><div class=\"date\">Sep <strong>05<\/strong><\/div><div class=\"data\"><h4><a href=\"https:\/\/ibero4jobs.com\/es\/centro-cultural-casa-fenelon\/\">Centro Cultural Casa Fenel\u00f3n<\/a><\/h4><ul class=\"meta\"><li><i class=\"fa fa-user-o\"><\/i> Noticias ibero<\/li><\/ul><p>Conoce m\u00e1s sobre esta noticia<\/p><a class=\"btn\" href=\"https:\/\/ibero4jobs.com\/es\/centro-cultural-casa-fenelon\/\">Read More<\/a><\/div><\/div><\/article><article class=\"blog-item \" ><div class=\"holder\"><div class=\"pic\"><img loading=\"lazy\" decoding=\"async\" src=\"https:\/\/ibero4jobs.com\/wp-content\/plugins\/radiantthemes-addons\/blog\/images\/blank-image-100x60.jpg\" alt=\"blank image\" width=\"100\" height=\"60\"><a class=\"holder\" href=\"https:\/\/ibero4jobs.com\/es\/universidad-tecnologica-de-nayarit\/\" style=\"background-image:url(https:\/\/ibero4jobs.com\/wp-content\/uploads\/2023\/10\/Universidad-Tecnologica-de-Nayarit-1024x332.jpg)\"><\/a><\/div><div class=\"date\">Sep <strong>05<\/strong><\/div><div class=\"data\"><h4><a href=\"https:\/\/ibero4jobs.com\/es\/universidad-tecnologica-de-nayarit\/\">Universidad Tecnol\u00f3gica de Nayarit<\/a><\/h4><ul class=\"meta\"><li><i class=\"fa fa-user-o\"><\/i> Noticias ibero<\/li><\/ul><p>Conoce m\u00e1s sobre esta noticia<\/p><a class=\"btn\" href=\"https:\/\/ibero4jobs.com\/es\/universidad-tecnologica-de-nayarit\/\">Read More<\/a><\/div><\/div><\/article><article class=\"blog-item \" ><div class=\"holder\"><div class=\"pic\"><img loading=\"lazy\" decoding=\"async\" src=\"https:\/\/ibero4jobs.com\/wp-content\/plugins\/radiantthemes-addons\/blog\/images\/blank-image-100x60.jpg\" alt=\"blank image\" width=\"100\" height=\"60\"><a class=\"holder\" href=\"https:\/\/ibero4jobs.com\/es\/visita-universidad-de-porto-a-nayarit\/\" style=\"background-image:url(https:\/\/ibero4jobs.com\/wp-content\/uploads\/2023\/10\/Visita-Universidad-de-Porto-a-Nayarit-1024x683.jpg)\"><\/a><\/div><div class=\"date\">Sep <strong>05<\/strong><\/div><div class=\"data\"><h4><a href=\"https:\/\/ibero4jobs.com\/es\/visita-universidad-de-porto-a-nayarit\/\">Visita Universidad de Porto a Nayarit<\/a><\/h4><ul class=\"meta\"><li><i class=\"fa fa-user-o\"><\/i> Noticias ibero<\/li><\/ul><p>Conoce m\u00e1s sobre esta noticia<\/p><a class=\"btn\" href=\"https:\/\/ibero4jobs.com\/es\/visita-universidad-de-porto-a-nayarit\/\">Read More<\/a><\/div><\/div><\/article><article class=\"blog-item \" ><div class=\"holder\"><div class=\"pic\"><img loading=\"lazy\" decoding=\"async\" src=\"https:\/\/ibero4jobs.com\/wp-content\/plugins\/radiantthemes-addons\/blog\/images\/blank-image-100x60.jpg\" alt=\"blank image\" width=\"100\" height=\"60\"><a class=\"holder\" href=\"https:\/\/ibero4jobs.com\/es\/el-proyecto-ibero4jobs-financiado-por-erasmus-diagnostica-la-relacion-academia-y-sector-productivo-en-cuanto-a-oportunidades-laborales-de-estudiantes-universitarios-de-latinoamerica\/\" style=\"background-image:url(https:\/\/ibero4jobs.com\/wp-content\/uploads\/2023\/09\/12.jpeg)\"><\/a><\/div><div class=\"date\">Sep <strong>04<\/strong><\/div><div class=\"data\"><h4><a href=\"https:\/\/ibero4jobs.com\/es\/el-proyecto-ibero4jobs-financiado-por-erasmus-diagnostica-la-relacion-academia-y-sector-productivo-en-cuanto-a-oportunidades-laborales-de-estudiantes-universitarios-de-latinoamerica\/\">El proyecto IBERO4JOBS, financiado por ERASMUS+, diagn\u00f3stica la relaci\u00f3n academia y sector productivo, en cuanto a oportunidades laborales de estudiantes universitarios de Latinoam\u00e9rica<\/a><\/h4><ul class=\"meta\"><li><i class=\"fa fa-user-o\"><\/i> Noticias ibero<\/li><\/ul><p>Conoce m\u00e1s sobre esta noticia<\/p><a class=\"btn\" href=\"https:\/\/ibero4jobs.com\/es\/el-proyecto-ibero4jobs-financiado-por-erasmus-diagnostica-la-relacion-academia-y-sector-productivo-en-cuanto-a-oportunidades-laborales-de-estudiantes-universitarios-de-latinoamerica\/\">Read More<\/a><\/div><\/div><\/article><article class=\"blog-item \" ><div class=\"holder\"><div class=\"pic\"><img loading=\"lazy\" decoding=\"async\" src=\"https:\/\/ibero4jobs.com\/wp-content\/plugins\/radiantthemes-addons\/blog\/images\/blank-image-100x60.jpg\" alt=\"blank image\" width=\"100\" height=\"60\"><a class=\"holder\" href=\"https:\/\/ibero4jobs.com\/es\/ibero4jobs-un-proyecto-para-potenciar-la-relacion-empresa-academia\/\" style=\"background-image:url(https:\/\/ibero4jobs.com\/wp-content\/uploads\/2023\/08\/IMG_9119-1024x601.jpg)\"><\/a><\/div><div class=\"date\">Jun <strong>02<\/strong><\/div><div class=\"data\"><h4><a href=\"https:\/\/ibero4jobs.com\/es\/ibero4jobs-un-proyecto-para-potenciar-la-relacion-empresa-academia\/\">IBERO4JOBS un proyecto para potenciar la relaci\u00f3n empresa-academia<\/a><\/h4><ul class=\"meta\"><li><i class=\"fa fa-user-o\"><\/i> Erasmus UCaldas<\/li><\/ul><p>Manizales fue el escenario para el encuentro de los diferentes actores nacionales e internacionales del proyecto IBERO4JOBS, una iniciativa financiada...<\/p><a class=\"btn\" href=\"https:\/\/ibero4jobs.com\/es\/ibero4jobs-un-proyecto-para-potenciar-la-relacion-empresa-academia\/\">Read More<\/a><\/div><\/div><\/article><article class=\"blog-item \" ><div class=\"holder\"><div class=\"pic\"><img loading=\"lazy\" decoding=\"async\" src=\"https:\/\/ibero4jobs.com\/wp-content\/plugins\/radiantthemes-addons\/blog\/images\/blank-image-100x60.jpg\" alt=\"blank image\" width=\"100\" height=\"60\"><a class=\"holder\" href=\"https:\/\/ibero4jobs.com\/es\/la-u-de-caldas-y-erasmus-plus-crearon-alianzas-internacionales-por-el-empleo\/\" style=\"background-image:url(https:\/\/ibero4jobs.com\/wp-content\/uploads\/2023\/08\/IMG_9351-1024x683.jpg)\"><\/a><\/div><div class=\"date\">May <strong>20<\/strong><\/div><div class=\"data\"><h4><a href=\"https:\/\/ibero4jobs.com\/es\/la-u-de-caldas-y-erasmus-plus-crearon-alianzas-internacionales-por-el-empleo\/\">La U. de Caldas y Erasmus Plus crearon alianzas internacionales por el empleo<\/a><\/h4><ul class=\"meta\"><li><i class=\"fa fa-user-o\"><\/i> Erasmus UCaldas<\/li><\/ul><p>Seis universidades del mundo, dos fundaciones y la C\u00e1mara de Comercio de Manizales se reunieron durante esta semana para lanzar...<\/p><a class=\"btn\" href=\"https:\/\/ibero4jobs.com\/es\/la-u-de-caldas-y-erasmus-plus-crearon-alianzas-internacionales-por-el-empleo\/\">Read More<\/a><\/div><\/div><\/article><article class=\"blog-item \" ><div class=\"holder\"><div class=\"pic\"><img loading=\"lazy\" decoding=\"async\" src=\"https:\/\/ibero4jobs.com\/wp-content\/plugins\/radiantthemes-addons\/blog\/images\/blank-image-100x60.jpg\" alt=\"blank image\" width=\"100\" height=\"60\"><a class=\"holder\" href=\"https:\/\/ibero4jobs.com\/es\/universidad-de-caldas-y-eraseuropea-realizan\/\" style=\"background-image:url(https:\/\/ibero4jobs.com\/wp-content\/uploads\/2023\/08\/IMG_9001-1024x683.jpg)\"><\/a><\/div><div class=\"date\">May <strong>11<\/strong><\/div><div class=\"data\"><h4><a href=\"https:\/\/ibero4jobs.com\/es\/universidad-de-caldas-y-eraseuropea-realizan\/\">Universidad de Caldas y Erasmus Plus de la Uni\u00f3n Europea realizan lanzamiento del proyecto IBERO4JOBS sobre empleabilidad de estudiantes<\/a><\/h4><ul class=\"meta\"><li><i class=\"fa fa-user-o\"><\/i> Erasmus UCaldas<\/li><\/ul><p>El pr\u00f3ximo lunes 15 de mayo desde las 8:00 a.m. en el Auditorio del Centro Cultural Universitario Rogelio Salmona, se...<\/p><a class=\"btn\" href=\"https:\/\/ibero4jobs.com\/es\/universidad-de-caldas-y-eraseuropea-realizan\/\">Read More<\/a><\/div><\/div><\/article><article class=\"blog-item \" ><div class=\"holder\"><div class=\"pic\"><img loading=\"lazy\" decoding=\"async\" src=\"https:\/\/ibero4jobs.com\/wp-content\/plugins\/radiantthemes-addons\/blog\/images\/blank-image-100x60.jpg\" alt=\"blank image\" width=\"100\" height=\"60\"><a class=\"holder\" href=\"https:\/\/ibero4jobs.com\/es\/la-union-europea-aportara-recursos-por-775-mil-euros\/\" style=\"background-image:url(https:\/\/ibero4jobs.com\/wp-content\/uploads\/2023\/08\/IMG_9015-1024x683.jpg)\"><\/a><\/div><div class=\"date\">Oct <strong>04<\/strong><\/div><div class=\"data\"><h4><a href=\"https:\/\/ibero4jobs.com\/es\/la-union-europea-aportara-recursos-por-775-mil-euros\/\">La Uni\u00f3n Europea aportar\u00e1 recursos por 775 mil euros para el desarrollo de IBERO4JOBS<\/a><\/h4><ul class=\"meta\"><li><i class=\"fa fa-user-o\"><\/i> Erasmus UCaldas<\/li><\/ul><p>Conoce m\u00e1s sobre esta noticia<\/p><a class=\"btn\" href=\"https:\/\/ibero4jobs.com\/es\/la-union-europea-aportara-recursos-por-775-mil-euros\/\">Read More<\/a><\/div><\/div><\/article><\/div>\r<!-- blog -->\r<\/div><\/div><\/div><\/div><div class=\"vc_row-full-width vc_clearfix\"><\/div><div data-vc-full-width=\"true\" data-vc-full-width-init=\"false\" data-vc-stretch-content=\"true\" class=\"vc_row wpb_row vc_row-fluid vc_custom_1691016332320 vc_row-has-fill vc_column-gap-5 vc_row-o-equal-height vc_row-o-content-bottom vc_row-flex\"><div class=\"wpb_animate_when_almost_visible wpb_fadeInUp fadeInUp wpb_column vc_column_container vc_col-sm-12 vc_col-has-fill\"><div class=\"vc_column-inner vc_custom_1691016367514\"><div class=\"wpb_wrapper\">\n\t<div  class=\"wpb_single_image wpb_content_element vc_align_center  vc_custom_1691016488789\">\n\t\t\n\t\t<figure class=\"wpb_wrapper vc_figure\">\n\t\t\t<div class=\"vc_single_image-wrapper   vc_box_border_grey\"><img loading=\"lazy\" decoding=\"async\" width=\"1920\" height=\"1080\" src=\"https:\/\/ibero4jobs.com\/wp-content\/uploads\/2023\/08\/Foto_1.jpg\" class=\"vc_single_image-img attachment-full\" alt=\"\" title=\"Foto_1\" srcset=\"https:\/\/ibero4jobs.com\/wp-content\/uploads\/2023\/08\/Foto_1.jpg 1920w, https:\/\/ibero4jobs.com\/wp-content\/uploads\/2023\/08\/Foto_1-300x169.jpg 300w, https:\/\/ibero4jobs.com\/wp-content\/uploads\/2023\/08\/Foto_1-1024x576.jpg 1024w, https:\/\/ibero4jobs.com\/wp-content\/uploads\/2023\/08\/Foto_1-768x432.jpg 768w, https:\/\/ibero4jobs.com\/wp-content\/uploads\/2023\/08\/Foto_1-1536x864.jpg 1536w, https:\/\/ibero4jobs.com\/wp-content\/uploads\/2023\/08\/Foto_1-600x338.jpg 600w\" sizes=\"(max-width: 1920px) 100vw, 1920px\" \/><\/div>\n\t\t<\/figure>\n\t<\/div>\n<\/div><\/div><\/div><\/div><div class=\"vc_row-full-width vc_clearfix\"><\/div><div class=\"vc_row wpb_row vc_row-fluid\"><div class=\"wpb_column vc_column_container vc_col-sm-12\"><div class=\"vc_column-inner\"><div class=\"wpb_wrapper\"><h1 style=\"color: #04428c;text-align: left;font-family:Abril Fatface;font-weight:400;font-style:normal\" class=\"vc_custom_heading\" >Pr\u00f3ximos Eventos<\/h1><\/div><\/div><\/div><\/div><div class=\"vc_row wpb_row vc_row-fluid\"><div class=\"wpb_column vc_column_container vc_col-sm-12\"><div class=\"vc_column-inner\"><div class=\"wpb_wrapper\">\n\t<div class=\"wpb_text_column wpb_content_element \" >\n\t\t<div class=\"wpb_wrapper\">\n\t\t\t<div class=\"interface-navigable-region interface-interface-skeleton__content\" tabindex=\"-1\" role=\"region\" aria-label=\"Contenido del editor\">\n<div class=\"edit-post-visual-editor\">\n<div class=\"edit-post-visual-editor__content-area\">\n<div class=\"is-desktop-preview\">\n<div class=\"editor-styles-wrapper block-editor-writing-flow\" tabindex=\"0\" contenteditable=\"false\">\n<div class=\"is-root-container is-layout-flow wp-block-post-content block-editor-block-list__layout\" data-is-drop-zone=\"true\">\n<div id=\"block-eca6e473-42f3-45c2-8fa1-a92b75af663f\" class=\"block-editor-block-list__block wp-block is-selected\" tabindex=\"0\" role=\"document\" aria-label=\"Bloque: EventON\" data-block=\"eca6e473-42f3-45c2-8fa1-a92b75af663f\" data-type=\"eventon-blocks\/evo-eventon-main\" data-title=\"EventON\">\n<div id=\"evo_main\" class=\"evo_main_cal_block\"><span class=\"evogb_sc_code\"><!-- EventON Calendar --><div id='evcal_calendar_425' class='ajde_evcal_calendar clean esty_0 ajax_loading_cal' ><div id='evcal_head' class='calendar_header ' ><div class='evo_cal_above'><span class='evo-gototoday-btn' style='display:none' data-mo='4' data-yr='2026' data-dy=''>Current Month<\/span><\/div><div class='evo_cal_above_content'><\/div><div class='evo_header_title '><p id='evcal_cur' class='evo_month_title'> abril, 2026<\/p><p class='evo_arrows'><span id='evcal_prev' class='evcal_arrows evcal_btn_prev' ><\/span><span id='evcal_next' class='evcal_arrows evo_arrow_next evcal_btn_next' ><\/span><\/p><\/div><\/div><div id='eventon_loadbar_section'><div id='eventon_loadbar'><\/div><\/div><div class='evo_ajax_load_events'><span><\/span><span><\/span><span><\/span><\/div><!-- Events List --><div id='evcal_list' \n\t\t\t\t\tclass='eventon_events_list '>\t\t\t<div class='clear'><\/div>\n\t\t\t<\/div>\n\t\t\t<div class='clear'><\/div>\n\t\t\t\t\t \t<div id='evcal_footer' class='evo_bottom' style='display:none'>\n\t\t \t\t<div class='evo_cal_data'  data-sc='{\"accord\":\"no\",\"bottom_nav\":\"no\",\"cal_id\":\"\",\"cal_init_nonajax\":\"no\",\"calendar_type\":\"default\",\"ep_fields\":\"\",\"etc_override\":\"yes\",\"evc_open\":\"no\",\"event_count\":0,\"event_location\":\"all\",\"event_order\":\"ASC\",\"event_organizer\":\"all\",\"event_parts\":\"no\",\"event_past_future\":\"all\",\"event_status\":\"all\",\"event_tag\":\"all\",\"event_type\":\"all\",\"event_type_2\":\"all\",\"event_type_3\":\"all\",\"event_type_4\":\"all\",\"event_type_5\":\"all\",\"event_virtual\":\"all\",\"eventtop_date_style\":0,\"eventtop_style\":\"0\",\"exp_jumper\":\"no\",\"exp_so\":\"no\",\"filter_relationship\":\"AND\",\"filter_show_set_only\":\"no\",\"filter_type\":\"default\",\"filters\":\"yes\",\"fixed_month\":\"4\",\"fixed_year\":\"2026\",\"focus_end_date_range\":\"1777593599\",\"focus_start_date_range\":\"1775001600\",\"ft_event_priority\":\"no\",\"hide_arrows\":\"no\",\"hide_cancels\":\"no\",\"hide_empty_months\":\"no\",\"hide_end_time\":\"no\",\"hide_et_dn\":\"no\",\"hide_et_extra\":\"no\",\"hide_et_tags\":\"no\",\"hide_et_tl\":\"no\",\"hide_ft\":\"no\",\"hide_ft_img\":\"no\",\"hide_month_headers\":\"no\",\"hide_mult_occur\":\"no\",\"hide_past\":\"no\",\"hide_past_by\":\"ee\",\"hide_so\":\"no\",\"ics\":\"no\",\"jumper\":\"no\",\"jumper_count\":5,\"jumper_offset\":\"0\",\"lang\":\"L1\",\"layout_changer\":\"no\",\"livenow_bar\":\"yes\",\"mapformat\":\"roadmap\",\"mapiconurl\":\"\",\"maps_load\":\"no\",\"mapscroll\":\"false\",\"mapzoom\":\"18\",\"members_only\":\"no\",\"ml_priority\":\"no\",\"month_incre\":0,\"number_of_months\":\"1\",\"only_ft\":\"no\",\"pec\":\"\",\"s\":\"\",\"search\":\"\",\"search_all\":\"no\",\"sep_month\":\"no\",\"show_et_ft_img\":\"no\",\"show_limit\":\"no\",\"show_limit_ajax\":\"no\",\"show_limit_paged\":1,\"show_limit_redir\":\"\",\"show_repeats\":\"no\",\"show_upcoming\":0,\"show_year\":\"no\",\"social_share\":\"no\",\"sort_by\":\"sort_date\",\"tile_bg\":0,\"tile_bg_size\":\"full\",\"tile_count\":2,\"tile_height\":0,\"tile_style\":0,\"tiles\":\"no\",\"ux_val\":\"0\",\"wpml_l1\":\"\",\"wpml_l2\":\"\",\"wpml_l3\":\"\",\"yl_priority\":\"no\",\"fixed_day\":\"28\",\"_cver\":\"2.1.7\"}' data-od='{\"lang_no_events\":\"No hay eventos\"}'><\/div>\n\t\t \t\t<div class='evo_cal_events' data-events=\"\"><\/div>\n\t\t \t<\/div>\n\t\t\t\t\n\t\t\t\n\t\t\t\t\t\t<\/div><!-- EventON End -->\n\t\t\t<\/span><\/div>\n<\/div>\n<\/div>\n<\/div>\n<div tabindex=\"0\"><\/div>\n<\/div>\n<\/div>\n<div class=\"popover-slot\"><\/div>\n<\/div>\n<div class=\"edit-post-layout__metaboxes\">\n<div class=\"edit-post-meta-boxes-area is-normal\">\n<div class=\"edit-post-meta-boxes-area__container\">\n<form class=\"metabox-location-normal\">\n<div id=\"poststuff\" class=\"sidebar-open\">\n<div id=\"postbox-container-2\" class=\"postbox-container\">\n<div id=\"normal-sortables\" class=\"meta-box-sortables ui-sortable\"><\/div>\n<\/div>\n<\/div>\n<\/form>\n<\/div>\n<div class=\"edit-post-meta-boxes-area__clear\"><\/div>\n<\/div>\n<div class=\"edit-post-meta-boxes-area is-advanced\">\n<div class=\"edit-post-meta-boxes-area__container\">\n<form class=\"metabox-location-advanced\">\n<div id=\"poststuff\" class=\"sidebar-open\">\n<div id=\"postbox-container-2\" class=\"postbox-container\">\n<div id=\"advanced-sortables\" class=\"meta-box-sortables ui-sortable\"><\/div>\n<\/div>\n<\/div>\n<\/form>\n<\/div>\n<div class=\"edit-post-meta-boxes-area__clear\"><\/div>\n<\/div>\n<\/div>\n<\/div>\n<div class=\"interface-navigable-region interface-interface-skeleton__sidebar\" tabindex=\"-1\" role=\"region\" aria-label=\"Ajustes del editor\">\n<div class=\"interface-complementary-area edit-post-sidebar\">\n<div class=\"components-panel__header interface-complementary-area-header edit-post-sidebar__panel-tabs\" tabindex=\"-1\"><\/div>\n<\/div>\n<\/div>\n\n\t\t<\/div>\n\t<\/div>\n<\/div><\/div><\/div><\/div><div data-vc-full-width=\"true\" data-vc-full-width-init=\"false\" data-vc-stretch-content=\"true\" class=\"vc_row wpb_row vc_row-fluid vc_custom_1691016942466 vc_row-has-fill vc_row-no-padding vc_row-o-content-middle vc_row-flex\"><div class=\"wpb_column vc_column_container vc_col-sm-12 vc_col-has-fill\"><div class=\"vc_column-inner vc_custom_1691016932957\"><div class=\"wpb_wrapper\">\n\t<div  class=\"wpb_single_image wpb_content_element vc_align_center  vc_custom_1691016919827\">\n\t\t\n\t\t<figure class=\"wpb_wrapper vc_figure\">\n\t\t\t<a href=\"https:\/\/ibero4jobs.com\/wp-content\/uploads\/2023\/08\/Footer-1024x174.png\" target=\"_self\" class=\"vc_single_image-wrapper   vc_box_border_grey\"><img loading=\"lazy\" decoding=\"async\" width=\"1920\" height=\"326\" src=\"https:\/\/ibero4jobs.com\/wp-content\/uploads\/2023\/08\/Footer.png\" class=\"vc_single_image-img attachment-full\" alt=\"\" title=\"Footer\" srcset=\"https:\/\/ibero4jobs.com\/wp-content\/uploads\/2023\/08\/Footer.png 1920w, https:\/\/ibero4jobs.com\/wp-content\/uploads\/2023\/08\/Footer-300x51.png 300w, https:\/\/ibero4jobs.com\/wp-content\/uploads\/2023\/08\/Footer-1024x174.png 1024w, https:\/\/ibero4jobs.com\/wp-content\/uploads\/2023\/08\/Footer-768x130.png 768w, https:\/\/ibero4jobs.com\/wp-content\/uploads\/2023\/08\/Footer-1536x261.png 1536w, https:\/\/ibero4jobs.com\/wp-content\/uploads\/2023\/08\/Footer-600x102.png 600w\" sizes=\"(max-width: 1920px) 100vw, 1920px\" \/><\/a>\n\t\t<\/figure>\n\t<\/div>\n<\/div><\/div><\/div><\/div><div class=\"vc_row-full-width vc_clearfix\"><\/div>\n<\/section>","protected":false},"excerpt":{"rendered":"Oficina de prensa Universidad de Caldas","protected":false},"author":10,"featured_media":0,"parent":0,"menu_order":0,"comment_status":"closed","ping_status":"closed","template":"","meta":{"_monsterinsights_skip_tracking":false,"_monsterinsights_sitenote_active":false,"_monsterinsights_sitenote_note":"","_monsterinsights_sitenote_category":0,"footnotes":""},"class_list":["post-8158","page","type-page","status-publish","hentry"],"_links":{"self":[{"href":"https:\/\/ibero4jobs.com\/es\/wp-json\/wp\/v2\/pages\/8158","targetHints":{"allow":["GET"]}}],"collection":[{"href":"https:\/\/ibero4jobs.com\/es\/wp-json\/wp\/v2\/pages"}],"about":[{"href":"https:\/\/ibero4jobs.com\/es\/wp-json\/wp\/v2\/types\/page"}],"author":[{"embeddable":true,"href":"https:\/\/ibero4jobs.com\/es\/wp-json\/wp\/v2\/users\/10"}],"replies":[{"embeddable":true,"href":"https:\/\/ibero4jobs.com\/es\/wp-json\/wp\/v2\/comments?post=8158"}],"version-history":[{"count":3,"href":"https:\/\/ibero4jobs.com\/es\/wp-json\/wp\/v2\/pages\/8158\/revisions"}],"predecessor-version":[{"id":8162,"href":"https:\/\/ibero4jobs.com\/es\/wp-json\/wp\/v2\/pages\/8158\/revisions\/8162"}],"wp:attachment":[{"href":"https:\/\/ibero4jobs.com\/es\/wp-json\/wp\/v2\/media?parent=8158"}],"curies":[{"name":"wp","href":"https:\/\/api.w.org\/{rel}","templated":true}]}}